{"id":10491,"date":"2021-09-10T19:07:31","date_gmt":"2021-09-10T19:07:31","guid":{"rendered":"https:\/\/www.lymphoma.ca\/?page_id=10491"},"modified":"2021-09-14T16:15:36","modified_gmt":"2021-09-14T16:15:36","slug":"wlad2021","status":"publish","type":"page","link":"https:\/\/www.lymphoma.ca\/fr\/wlad2021\/","title":{"rendered":"Journ\u00e9e mondiale de sensibilisation au lymphome 2021"},"content":{"rendered":"[vc_row type=\u00a0\u00bbin_container\u00a0\u00bb full_screen_row_position=\u00a0\u00bbmiddle\u00a0\u00bb column_margin=\u00a0\u00bbdefault\u00a0\u00bb column_direction=\u00a0\u00bbdefault\u00a0\u00bb column_direction_tablet=\u00a0\u00bbdefault\u00a0\u00bb column_direction_phone=\u00a0\u00bbdefault\u00a0\u00bb scene_position=\u00a0\u00bbcenter\u00a0\u00bb text_color=\u00a0\u00bbdark\u00a0\u00bb text_align=\u00a0\u00bbleft\u00a0\u00bb row_border_radius=\u00a0\u00bbnone\u00a0\u00bb row_border_radius_applies=\u00a0\u00bbbg\u00a0\u00bb overlay_strength=\u00a0\u00bb0.3&Prime; gradient_direction=\u00a0\u00bbleft_to_right\u00a0\u00bb shape_divider_position=\u00a0\u00bbbottom\u00a0\u00bb bg_image_animation=\u00a0\u00bbnone\u00a0\u00bb][vc_column column_padding=\u00a0\u00bbno-extra-padding\u00a0\u00bb column_padding_tablet=\u00a0\u00bbinherit\u00a0\u00bb column_padding_phone=\u00a0\u00bbinherit\u00a0\u00bb column_padding_position=\u00a0\u00bball\u00a0\u00bb background_color_opacity=\u00a0\u00bb1&Prime; background_hover_color_opacity=\u00a0\u00bb1&Prime; column_shadow=\u00a0\u00bbnone\u00a0\u00bb column_border_radius=\u00a0\u00bbnone\u00a0\u00bb column_link_target=\u00a0\u00bb_self\u00a0\u00bb gradient_direction=\u00a0\u00bbleft_to_right\u00a0\u00bb overlay_strength=\u00a0\u00bb0.3&Prime; width=\u00a0\u00bb1\/1&Prime; tablet_width_inherit=\u00a0\u00bbdefault\u00a0\u00bb tablet_text_alignment=\u00a0\u00bbdefault\u00a0\u00bb phone_text_alignment=\u00a0\u00bbdefault\u00a0\u00bb column_border_width=\u00a0\u00bbnone\u00a0\u00bb column_border_style=\u00a0\u00bbsolid\u00a0\u00bb bg_image_animation=\u00a0\u00bbnone\u00a0\u00bb][vc_column_text]\n<h2>Ce mois-ci, Lymphome Canada s&rsquo;associe \u00e0 Lymphoma Coalition, un r\u00e9seau mondial de groupes de patients atteints d\u2019un lymphome pour promouvoir le mois de sensibilisation au cancer du sang et la <em>Journ\u00e9e mondiale de sensibilisation au lymphome<\/em>.<\/h2>\n[\/vc_column_text][vc_column_text]En cette <em>Journ\u00e9e mondiale de sensibilisation au lymphome<\/em>, joignez-vous \u00e0 la communaut\u00e9 mondiale du lymphome pour dire \u00ab\u00a0Nous ne pouvons plus attendre\u00a0\u00bb pour mettre fin aux r\u00e9percussions impr\u00e9vues qu\u2019a eues la pand\u00e9mie sur cette communaut\u00e9![\/vc_column_text][vc_column_text]\n<h3><span style=\"color: #530080;\"><strong>Sur cette page :<\/strong><\/span><\/h3>\n[\/vc_column_text][vc_column_text]\n<ul>\n<li><a href=\"#Message\">2021 WLAD Message<\/a><\/li>\n<li><a href=\"#Landmarks\">Des monuments illumin\u00e9s de mauve pour Lymphome Canada<\/a><\/li>\n<li><a href=\"#Support\">Que pouvez-vous faire pour manifester votre soutien?<\/a><\/li>\n<li><a href=\"#Join\">Joignez-vous \u00e0 nous et sensibilisez le public.<\/a><\/li>\n<\/ul>\n[\/vc_column_text][vc_column_text]\n<h2 id=\"Message\">Journ\u00e9e mondiale de sensibilisation au lymphome 2021<\/h2>\n[\/vc_column_text][vc_column_text]Partout dans le monde, les gens se heurtent \u00e0 un acc\u00e8s r\u00e9duit aux soins, aux traitements et aux services de soutien. De plus, en raison du manque d&rsquo;acc\u00e8s aux professionnels de la sant\u00e9 et de l&rsquo;h\u00e9sitation \u00e0 consulter un m\u00e9decin lorsqu&rsquo;on \u00e9prouve des sympt\u00f4mes, il y a eu moins de diagnostics et on s&rsquo;attend \u00e0 l\u2019apparition d\u2019un plus grand nombre de cancers de stade plus avanc\u00e9.<\/p>\n<p><strong><span style=\"color: #5d3299;\">Nous ne pouvons pas n\u00e9gliger de prendre soin de notre propre sant\u00e9.<\/span><\/strong> Si vous remarquez des <a href=\"https:\/\/www.lymphoma.ca\/fr\/ganglions-101\/connaitre-les-signes-et-les-symptomes-du-lymphome\/\">signes ou des sympt\u00f4mes de lymphome<\/a>, n&rsquo;attendez pas et parlez-en \u00e0 votre \u00e9quipe soignante.<\/p>\n<p><strong><span style=\"color: #5d3299;\">Nous ne pouvons plus attendre pour diagnostiquer et traiter les lymphomes. <\/span><\/strong>Des d\u00e9cisions ont \u00e9t\u00e9 prises pour soutenir les syst\u00e8mes de sant\u00e9 qui ont eu des effets sur la qualit\u00e9 de vie des patients, mais le temps est venu de reprendre les pratiques de traitement standard en toute s\u00e9curit\u00e9.<\/p>\n<p><span style=\"color: #5d3299;\"><strong>Nous ne pouvons plus attendre pour soutenir les personnes aux prises avec un lymphome<\/strong>.<\/span> Si possible, faites du b\u00e9n\u00e9volat ou soutenez Lymphome Canada \u2013 <a href=\"https:\/\/www.lymphoma.ca\/fr\/volunteer-opportunities\/\">nous avons besoin de votre aide.<\/a><\/p>\n<p>Pour obtenir plus de renseignements ou du mat\u00e9riel \u00e0 diffuser sur vos comptes de m\u00e9dias sociaux, visitez <a href=\"http:\/\/www.worldlymphomaawarenessday.org\">www.worldlymphomaawarenessday.org<\/a>. Utilisez le mot-clic <a href=\"https:\/\/twitter.com\/LymphomaCanada\">#WLAD2021<\/a> pour vous joindre aux \u00e9changes mondiaux.[\/vc_column_text][image_with_animation image_url=\u00a0\u00bb10492&Prime; animation=\u00a0\u00bbFade In\u00a0\u00bb hover_animation=\u00a0\u00bbnone\u00a0\u00bb alignment=\u00a0\u00bb\u00a0\u00bb border_radius=\u00a0\u00bbnone\u00a0\u00bb box_shadow=\u00a0\u00bbnone\u00a0\u00bb image_loading=\u00a0\u00bbdefault\u00a0\u00bb max_width=\u00a0\u00bb100%\u00a0\u00bb max_width_mobile=\u00a0\u00bbdefault\u00a0\u00bb][vc_row_inner column_margin=\u00a0\u00bbdefault\u00a0\u00bb column_direction=\u00a0\u00bbdefault\u00a0\u00bb column_direction_tablet=\u00a0\u00bbdefault\u00a0\u00bb column_direction_phone=\u00a0\u00bbdefault\u00a0\u00bb text_align=\u00a0\u00bbleft\u00a0\u00bb][vc_column_inner column_padding=\u00a0\u00bbno-extra-padding\u00a0\u00bb column_padding_tablet=\u00a0\u00bbinherit\u00a0\u00bb column_padding_phone=\u00a0\u00bbinherit\u00a0\u00bb column_padding_position=\u00a0\u00bball\u00a0\u00bb background_color_opacity=\u00a0\u00bb1&Prime; background_hover_color_opacity=\u00a0\u00bb1&Prime; column_shadow=\u00a0\u00bbnone\u00a0\u00bb column_border_radius=\u00a0\u00bbnone\u00a0\u00bb column_link_target=\u00a0\u00bb_self\u00a0\u00bb gradient_direction=\u00a0\u00bbleft_to_right\u00a0\u00bb overlay_strength=\u00a0\u00bb0.3&Prime; width=\u00a0\u00bb1\/2&Prime; tablet_width_inherit=\u00a0\u00bbdefault\u00a0\u00bb column_border_width=\u00a0\u00bbnone\u00a0\u00bb column_border_style=\u00a0\u00bbsolid\u00a0\u00bb bg_image_animation=\u00a0\u00bbnone\u00a0\u00bb][vc_column_text]\n<h2 id=\"Landmarks\">Illuminez le pays de mauve<\/h2>\n[\/vc_column_text][vc_column_text]<span style=\"color: #59099e;\">BC Place,<\/span> C.-B.<\/p>\n<p><span style=\"color: #59099e;\">Vancouver Convention Center,<\/span> C.-B.<\/p>\n<p><span style=\"color: #59099e;\">Fitzsimmons Creek Bridge,<\/span> C.-B.<\/p>\n<p><span style=\"color: #59099e;\">Science World at Telus World of Science,<\/span> C.-B.<\/p>\n<p><span style=\"color: #59099e;\">Port Moody City Hall,<\/span> C.-B.<\/p>\n<p><span style=\"color: #59099e;\">Nanaimo Coast Bastion Hotel,<\/span> C.-B.<\/p>\n<p><span style=\"color: #59099e;\">3D Winnipeg Sign,<\/span> Man.<\/p>\n<p><span style=\"color: #59099e;\">Confederation Building,<\/span> N.-\u00c9.<\/p>\n<p><span style=\"color: #59099e;\">City of Brampton City Hall,<\/span> Ont.<\/p>\n<p><span style=\"color: #59099e;\">City of Mississauga City Hall,<\/span> Ont.<\/p>\n<p><span style=\"color: #59099e;\">CN Tower,<\/span> Ont.<\/p>\n<p><span style=\"color: #59099e;\">Brant Street Pier,<\/span> Ont.<\/p>\n<p><span style=\"color: #59099e;\">Riverwalk Commons,<\/span> Ont.<\/p>\n<p><span style=\"color: #59099e;\">Fred A. Lundy Bridge,<\/span> Ont.<\/p>\n<p><span style=\"color: #59099e;\">Princess Gate Arch at Exhibition Place,<\/span> Ont.<\/p>\n<p><span style=\"color: #59099e;\">The Holman Grand Hotel,<\/span> \u00ce.-P.-\u00c9.[\/vc_column_text][vc_column_text]<em>* <\/em><em>L<\/em><em>e 15 septembre \u00e0 22 heures, les chutes du Niagara seront illumin\u00e9es pendant 15 minutes en rouge et en mauve. Dans le cadre de la r\u00e9ouverture de l&rsquo;Ontario, nous vous rappelons qu\u2019en assistant \u00e0 ce spectacle, vous devrez pratiquer la distanciation sociale<\/em>.[\/vc_column_text][\/vc_column_inner][vc_column_inner column_padding=\u00a0\u00bbno-extra-padding\u00a0\u00bb column_padding_tablet=\u00a0\u00bbinherit\u00a0\u00bb column_padding_phone=\u00a0\u00bbinherit\u00a0\u00bb column_padding_position=\u00a0\u00bball\u00a0\u00bb background_color_opacity=\u00a0\u00bb1&Prime; background_hover_color_opacity=\u00a0\u00bb1&Prime; column_shadow=\u00a0\u00bbnone\u00a0\u00bb column_border_radius=\u00a0\u00bbnone\u00a0\u00bb column_link_target=\u00a0\u00bb_self\u00a0\u00bb gradient_direction=\u00a0\u00bbleft_to_right\u00a0\u00bb overlay_strength=\u00a0\u00bb0.3&Prime; width=\u00a0\u00bb1\/2&Prime; tablet_width_inherit=\u00a0\u00bbdefault\u00a0\u00bb column_border_width=\u00a0\u00bbnone\u00a0\u00bb column_border_style=\u00a0\u00bbsolid\u00a0\u00bb bg_image_animation=\u00a0\u00bbnone\u00a0\u00bb][image_with_animation image_url=\u00a0\u00bb10438&Prime; animation=\u00a0\u00bbFade In\u00a0\u00bb hover_animation=\u00a0\u00bbnone\u00a0\u00bb alignment=\u00a0\u00bb\u00a0\u00bb border_radius=\u00a0\u00bbnone\u00a0\u00bb box_shadow=\u00a0\u00bbnone\u00a0\u00bb image_loading=\u00a0\u00bbdefault\u00a0\u00bb max_width=\u00a0\u00bb100%\u00a0\u00bb max_width_mobile=\u00a0\u00bbdefault\u00a0\u00bb][image_with_animation image_url=\u00a0\u00bb10436&Prime; animation=\u00a0\u00bbFade In\u00a0\u00bb hover_animation=\u00a0\u00bbnone\u00a0\u00bb alignment=\u00a0\u00bb\u00a0\u00bb border_radius=\u00a0\u00bbnone\u00a0\u00bb box_shadow=\u00a0\u00bbnone\u00a0\u00bb image_loading=\u00a0\u00bbdefault\u00a0\u00bb max_width=\u00a0\u00bb100%\u00a0\u00bb max_width_mobile=\u00a0\u00bbdefault\u00a0\u00bb][\/vc_column_inner][\/vc_row_inner][\/vc_column][\/vc_row][vc_row type=\u00a0\u00bbin_container\u00a0\u00bb full_screen_row_position=\u00a0\u00bbmiddle\u00a0\u00bb column_margin=\u00a0\u00bbdefault\u00a0\u00bb column_direction=\u00a0\u00bbdefault\u00a0\u00bb column_direction_tablet=\u00a0\u00bbdefault\u00a0\u00bb column_direction_phone=\u00a0\u00bbdefault\u00a0\u00bb scene_position=\u00a0\u00bbcenter\u00a0\u00bb text_color=\u00a0\u00bbdark\u00a0\u00bb text_align=\u00a0\u00bbleft\u00a0\u00bb row_border_radius=\u00a0\u00bbnone\u00a0\u00bb row_border_radius_applies=\u00a0\u00bbbg\u00a0\u00bb overlay_strength=\u00a0\u00bb0.3&Prime; gradient_direction=\u00a0\u00bbleft_to_right\u00a0\u00bb shape_divider_position=\u00a0\u00bbbottom\u00a0\u00bb bg_image_animation=\u00a0\u00bbnone\u00a0\u00bb][vc_column column_padding=\u00a0\u00bbno-extra-padding\u00a0\u00bb column_padding_tablet=\u00a0\u00bbinherit\u00a0\u00bb column_padding_phone=\u00a0\u00bbinherit\u00a0\u00bb column_padding_position=\u00a0\u00bball\u00a0\u00bb background_color_opacity=\u00a0\u00bb1&Prime; background_hover_color_opacity=\u00a0\u00bb1&Prime; column_shadow=\u00a0\u00bbnone\u00a0\u00bb column_border_radius=\u00a0\u00bbnone\u00a0\u00bb column_link_target=\u00a0\u00bb_self\u00a0\u00bb gradient_direction=\u00a0\u00bbleft_to_right\u00a0\u00bb overlay_strength=\u00a0\u00bb0.3&Prime; width=\u00a0\u00bb1\/1&Prime; tablet_width_inherit=\u00a0\u00bbdefault\u00a0\u00bb tablet_text_alignment=\u00a0\u00bbdefault\u00a0\u00bb phone_text_alignment=\u00a0\u00bbdefault\u00a0\u00bb column_border_width=\u00a0\u00bbnone\u00a0\u00bb column_border_style=\u00a0\u00bbsolid\u00a0\u00bb bg_image_animation=\u00a0\u00bbnone\u00a0\u00bb][vc_column_text]\n<h2 id=\"Support\">Que pouvez-vous faire pour apporter votre soutien?<\/h2>\n[\/vc_column_text][vc_column_text]Le 15 septembre, soutenez la <em>Journ\u00e9e mondiale de sensibilisation au lymphome<\/em>!<\/p>\n<h3><a href=\"https:\/\/www.lymphoma.ca\/fr\/lapsaroundlymphoma\/\">Inscrivez-vous au <em>Circuit au profit du lymphome<\/em>.<\/a><\/h3>\n<p>Du 15 au 30 septembre, nous vous d\u00e9fions de faire 100 000 pas pour soutenir plus de 100 000 Canadiens vivant actuellement avec un lymphome. Tous les Canadiens peuvent participer \u00e0 cette collecte de fonds virtuelle. Par cons\u00e9quent, invitez vos amis, votre famille et vos coll\u00e8gues de travail \u00e0 se joindre au <em>Circuit au profit du lymphome<\/em> et \u00e0 adopter un mode de vie sain tout en recueillant des fonds et en sensibilisant la population au lymphome.<\/p>\n[\/vc_column_text][nectar_btn size=\u00a0\u00bblarge\u00a0\u00bb open_new_tab=\u00a0\u00bbtrue\u00a0\u00bb button_style=\u00a0\u00bbregular\u00a0\u00bb button_color_2=\u00a0\u00bbAccent-Color\u00a0\u00bb icon_family=\u00a0\u00bbnone\u00a0\u00bb text=\u00a0\u00bbInscrivez-vous au Circuit au profit du lymphome.\u00a0\u00bb url=\u00a0\u00bbhttps:\/\/www.lymphoma.ca\/fr\/lapsaroundlymphoma\/\u00a0\u00bb][\/vc_column][\/vc_row][vc_row type=\u00a0\u00bbin_container\u00a0\u00bb full_screen_row_position=\u00a0\u00bbmiddle\u00a0\u00bb column_margin=\u00a0\u00bbdefault\u00a0\u00bb column_direction=\u00a0\u00bbdefault\u00a0\u00bb column_direction_tablet=\u00a0\u00bbdefault\u00a0\u00bb column_direction_phone=\u00a0\u00bbdefault\u00a0\u00bb scene_position=\u00a0\u00bbcenter\u00a0\u00bb text_color=\u00a0\u00bbdark\u00a0\u00bb text_align=\u00a0\u00bbleft\u00a0\u00bb row_border_radius=\u00a0\u00bbnone\u00a0\u00bb row_border_radius_applies=\u00a0\u00bbbg\u00a0\u00bb overlay_strength=\u00a0\u00bb0.3&Prime; gradient_direction=\u00a0\u00bbleft_to_right\u00a0\u00bb shape_divider_position=\u00a0\u00bbbottom\u00a0\u00bb bg_image_animation=\u00a0\u00bbnone\u00a0\u00bb][vc_column column_padding=\u00a0\u00bbno-extra-padding\u00a0\u00bb column_padding_tablet=\u00a0\u00bbinherit\u00a0\u00bb column_padding_phone=\u00a0\u00bbinherit\u00a0\u00bb column_padding_position=\u00a0\u00bball\u00a0\u00bb background_color_opacity=\u00a0\u00bb1&Prime; background_hover_color_opacity=\u00a0\u00bb1&Prime; column_shadow=\u00a0\u00bbnone\u00a0\u00bb column_border_radius=\u00a0\u00bbnone\u00a0\u00bb column_link_target=\u00a0\u00bb_self\u00a0\u00bb gradient_direction=\u00a0\u00bbleft_to_right\u00a0\u00bb overlay_strength=\u00a0\u00bb0.3&Prime; width=\u00a0\u00bb1\/1&Prime; tablet_width_inherit=\u00a0\u00bbdefault\u00a0\u00bb tablet_text_alignment=\u00a0\u00bbdefault\u00a0\u00bb phone_text_alignment=\u00a0\u00bbdefault\u00a0\u00bb column_border_width=\u00a0\u00bbnone\u00a0\u00bb column_border_style=\u00a0\u00bbsolid\u00a0\u00bb bg_image_animation=\u00a0\u00bbnone\u00a0\u00bb][vc_column_text]\n<h3><a href=\"https:\/\/secure.e2rm.com\/registrant\/DonationPage.aspx?eventid=121854&amp;langpref=en-CA&amp;Referrer=https%3a%2f%2fwww.lymphoma.ca%2ffr%2flapsaroundlymphoma%2f\">Faites un don.<\/a><\/h3>\n<p>\u00catre confront\u00e9 \u00e0 un lymphome peut \u00eatre bouleversant. Voil\u00e0 pourquoi Lymphome Canada offre un soutien continu aux patients et \u00e0 leurs familles. Renforcez les moyens d\u2019action de la communaut\u00e9 du lymphome en soutenant Lymphome Canada par un don afin d\u2019aider les patients pendant et apr\u00e8s la pand\u00e9mie. Tout don, petit ou grand, peut faire toute la diff\u00e9rence dans la vie de plus de 100 000 Canadiens touch\u00e9s par un lymphome.[\/vc_column_text][nectar_btn size=\u00a0\u00bbsmall\u00a0\u00bb open_new_tab=\u00a0\u00bbtrue\u00a0\u00bb button_style=\u00a0\u00bbregular\u00a0\u00bb button_color_2=\u00a0\u00bbAccent-Color\u00a0\u00bb icon_family=\u00a0\u00bbnone\u00a0\u00bb text=\u00a0\u00bbDonnez d\u00e8s aujourd\u2019hui.\u00a0\u00bb url=\u00a0\u00bbhttps:\/\/secure.e2rm.com\/registrant\/DonationPage.aspx?EventID=121854&amp;LangPref=fr-CA\u00a0\u00bb][vc_column_text]\n<h3 id=\"Join\"><a href=\"https:\/\/twitter.com\/LymphomaCanada\">Participez aux \u00e9changes virtuels.<\/a><\/h3>\n<p>Durant le mois de septembre, connectez-vous \u00e0 la communaut\u00e9 mondiale en ligne en suivant Lymphome Canada et la Lymphoma Coalition. Vous n\u2019avez qu\u2019\u00e0 utiliser les mots-clics #WLAD2021 ou #Lymphomacanada pour partager vos exp\u00e9riences. Utilisez les m\u00e9dias sociaux \u2013 changez votre photo de profil, postez un message sur Twitter, \u00e9tiquetez et manifestez votre soutien avec le monde entier!<\/p>\n[\/vc_column_text][vc_row_inner column_margin=\u00a0\u00bbdefault\u00a0\u00bb column_direction=\u00a0\u00bbdefault\u00a0\u00bb column_direction_tablet=\u00a0\u00bbdefault\u00a0\u00bb column_direction_phone=\u00a0\u00bbdefault\u00a0\u00bb text_align=\u00a0\u00bbleft\u00a0\u00bb][vc_column_inner column_padding=\u00a0\u00bbno-extra-padding\u00a0\u00bb column_padding_tablet=\u00a0\u00bbinherit\u00a0\u00bb column_padding_phone=\u00a0\u00bbinherit\u00a0\u00bb column_padding_position=\u00a0\u00bball\u00a0\u00bb background_color_opacity=\u00a0\u00bb1&Prime; background_hover_color_opacity=\u00a0\u00bb1&Prime; column_shadow=\u00a0\u00bbnone\u00a0\u00bb column_border_radius=\u00a0\u00bbnone\u00a0\u00bb column_link_target=\u00a0\u00bb_self\u00a0\u00bb gradient_direction=\u00a0\u00bbleft_to_right\u00a0\u00bb overlay_strength=\u00a0\u00bb0.3&Prime; width=\u00a0\u00bb1\/1&Prime; tablet_width_inherit=\u00a0\u00bbdefault\u00a0\u00bb column_border_width=\u00a0\u00bbnone\u00a0\u00bb column_border_style=\u00a0\u00bbsolid\u00a0\u00bb bg_image_animation=\u00a0\u00bbnone\u00a0\u00bb][vc_column_text]Suivez-nous sur les m\u00e9dias sociaux pour rester \u00e0 jour et inform\u00e9 de tout ce qui concerne Lymphome Canada!<\/p>\n<p><a href=\"https:\/\/www.instagram.com\/lymphomacanada\/\"><span lang=\"en-US\"><i class=\"icon-3x fa fa-camera-retro accent-color\"><i class=\"circle-border\"><\/i><\/i><\/span><\/a><span lang=\"en-US\">\u00a0 <\/span><a href=\"https:\/\/twitter.com\/LymphomaCanada\"><span lang=\"en-CA\"><i class=\"icon-3x fa fa-twitter-square accent-color\"><i class=\"circle-border\"><\/i><\/i><\/span><\/a><a href=\"https:\/\/www.facebook.com\/LymphomaCanada\/\"><span lang=\"en-CA\"><i class=\"icon-3x fa fa-facebook-square accent-color\"><i class=\"circle-border\"><\/i><\/i>\u00a0<\/span><\/a><a href=\"https:\/\/www.linkedin.com\/company\/lymphoma-canada\/\"><span lang=\"en-US\"><i class=\"icon-3x fa fa-linkedin accent-color\"><i class=\"circle-border\"><\/i><\/i><\/span><\/a>[\/vc_column_text][\/vc_column_inner][\/vc_row_inner][\/vc_column][\/vc_row]\n","protected":false},"excerpt":{"rendered":"<p>[vc_row type=\u00a0\u00bbin_container\u00a0\u00bb full_screen_row_position=\u00a0\u00bbmiddle\u00a0\u00bb column_margin=\u00a0\u00bbdefault\u00a0\u00bb column_direction=\u00a0\u00bbdefault\u00a0\u00bb column_direction_tablet=\u00a0\u00bbdefault\u00a0\u00bb column_direction_phone=\u00a0\u00bbdefault\u00a0\u00bb scene_position=\u00a0\u00bbcenter\u00a0\u00bb text_color=\u00a0\u00bbdark\u00a0\u00bb text_align=\u00a0\u00bbleft\u00a0\u00bb row_border_radius=\u00a0\u00bbnone\u00a0\u00bb row_border_radius_applies=\u00a0\u00bbbg\u00a0\u00bb overlay_strength=\u00a0\u00bb0.3&Prime; gradient_direction=\u00a0\u00bbleft_to_right\u00a0\u00bb shape_divider_position=\u00a0\u00bbbottom\u00a0\u00bb bg_image_animation=\u00a0\u00bbnone\u00a0\u00bb][vc_column column_padding=\u00a0\u00bbno-extra-padding\u00a0\u00bb column_padding_tablet=\u00a0\u00bbinherit\u00a0\u00bb column_padding_phone=\u00a0\u00bbinherit\u00a0\u00bb column_padding_position=\u00a0\u00bball\u00a0\u00bb background_color_opacity=\u00a0\u00bb1&Prime; background_hover_color_opacity=\u00a0\u00bb1&Prime; column_shadow=\u00a0\u00bbnone\u00a0\u00bb column_border_radius=\u00a0\u00bbnone\u00a0\u00bb column_link_target=\u00a0\u00bb_self\u00a0\u00bb gradient_direction=\u00a0\u00bbleft_to_right\u00a0\u00bb overlay_strength=\u00a0\u00bb0.3&Prime; width=\u00a0\u00bb1\/1&Prime; tablet_width_inherit=\u00a0\u00bbdefault\u00a0\u00bb tablet_text_alignment=\u00a0\u00bbdefault\u00a0\u00bb&#8230;<\/p>\n","protected":false},"author":35,"featured_media":10495,"parent":0,"menu_order":0,"comment_status":"closed","ping_status":"closed","template":"","meta":{"_acf_changed":false,"footnotes":""},"categories":[],"tags":[],"class_list":["post-10491","page","type-page","status-publish","has-post-thumbnail"],"acf":[],"yoast_head":"<!-- This site is optimized with the Yoast SEO plugin v26.7 - https:\/\/yoast.com\/wordpress\/plugins\/seo\/ -->\n<title>Journ\u00e9e mondiale de sensibilisation au lymphome 2021 - Lymphoma Canada<\/title>\n<meta name=\"description\" content=\"Journ\u00e9e mondiale de sensibilisation au lymphome. En septembre, Lymphome Canada pour sensibiliser le public aux cancers du sang.\" \/>\n<meta name=\"robots\" content=\"index, follow, max-snippet:-1, max-image-preview:large, max-video-preview:-1\" \/>\n<link rel=\"canonical\" href=\"https:\/\/www.lymphoma.ca\/fr\/wlad2021\/\" \/>\n<meta property=\"og:locale\" content=\"fr_FR\" \/>\n<meta property=\"og:type\" content=\"article\" \/>\n<meta property=\"og:title\" content=\"Journ\u00e9e mondiale de sensibilisation au lymphome 2021 - Lymphoma Canada\" \/>\n<meta property=\"og:description\" content=\"Journ\u00e9e mondiale de sensibilisation au lymphome. En septembre, Lymphome Canada pour sensibiliser le public aux cancers du sang.\" \/>\n<meta property=\"og:url\" content=\"https:\/\/www.lymphoma.ca\/fr\/wlad2021\/\" \/>\n<meta property=\"og:site_name\" content=\"Lymphoma Canada\" \/>\n<meta property=\"article:publisher\" content=\"https:\/\/www.facebook.com\/LymphomaCanada\" \/>\n<meta property=\"article:modified_time\" content=\"2021-09-14T16:15:36+00:00\" \/>\n<meta property=\"og:image\" content=\"https:\/\/www.lymphoma.ca\/wp-content\/uploads\/2021\/09\/WECANTWAITHOURGLASS_FRENCH.png\" \/>\n\t<meta property=\"og:image:width\" content=\"3400\" \/>\n\t<meta property=\"og:image:height\" content=\"2200\" \/>\n\t<meta property=\"og:image:type\" content=\"image\/png\" \/>\n<meta name=\"twitter:card\" content=\"summary_large_image\" \/>\n<meta name=\"twitter:site\" content=\"@lymphomacanada\" \/>\n<meta name=\"twitter:label1\" content=\"Dur\u00e9e de lecture estim\u00e9e\" \/>\n\t<meta name=\"twitter:data1\" content=\"5 minutes\" \/>\n<script type=\"application\/ld+json\" class=\"yoast-schema-graph\">{\"@context\":\"https:\/\/schema.org\",\"@graph\":[{\"@type\":\"WebPage\",\"@id\":\"https:\/\/www.lymphoma.ca\/fr\/wlad2021\/\",\"url\":\"https:\/\/www.lymphoma.ca\/fr\/wlad2021\/\",\"name\":\"Journ\u00e9e mondiale de sensibilisation au lymphome 2021 - Lymphoma Canada\",\"isPartOf\":{\"@id\":\"https:\/\/www.lymphoma.ca\/fr\/#website\"},\"primaryImageOfPage\":{\"@id\":\"https:\/\/www.lymphoma.ca\/fr\/wlad2021\/#primaryimage\"},\"image\":{\"@id\":\"https:\/\/www.lymphoma.ca\/fr\/wlad2021\/#primaryimage\"},\"thumbnailUrl\":\"https:\/\/www.lymphoma.ca\/wp-content\/uploads\/2021\/09\/WECANTWAITHOURGLASS_FRENCH.png\",\"datePublished\":\"2021-09-10T19:07:31+00:00\",\"dateModified\":\"2021-09-14T16:15:36+00:00\",\"description\":\"Journ\u00e9e mondiale de sensibilisation au lymphome. En septembre, Lymphome Canada pour sensibiliser le public aux cancers du sang.\",\"breadcrumb\":{\"@id\":\"https:\/\/www.lymphoma.ca\/fr\/wlad2021\/#breadcrumb\"},\"inLanguage\":\"fr-FR\",\"potentialAction\":[{\"@type\":\"ReadAction\",\"target\":[\"https:\/\/www.lymphoma.ca\/fr\/wlad2021\/\"]}]},{\"@type\":\"ImageObject\",\"inLanguage\":\"fr-FR\",\"@id\":\"https:\/\/www.lymphoma.ca\/fr\/wlad2021\/#primaryimage\",\"url\":\"https:\/\/www.lymphoma.ca\/wp-content\/uploads\/2021\/09\/WECANTWAITHOURGLASS_FRENCH.png\",\"contentUrl\":\"https:\/\/www.lymphoma.ca\/wp-content\/uploads\/2021\/09\/WECANTWAITHOURGLASS_FRENCH.png\",\"width\":3400,\"height\":2200},{\"@type\":\"BreadcrumbList\",\"@id\":\"https:\/\/www.lymphoma.ca\/fr\/wlad2021\/#breadcrumb\",\"itemListElement\":[{\"@type\":\"ListItem\",\"position\":1,\"name\":\"Home\",\"item\":\"https:\/\/www.lymphoma.ca\/fr\/\"},{\"@type\":\"ListItem\",\"position\":2,\"name\":\"Journ\u00e9e mondiale de sensibilisation au lymphome 2021\"}]},{\"@type\":\"WebSite\",\"@id\":\"https:\/\/www.lymphoma.ca\/fr\/#website\",\"url\":\"https:\/\/www.lymphoma.ca\/fr\/\",\"name\":\"Lymphoma Canada\",\"description\":\"Information. Help. Hope.\",\"publisher\":{\"@id\":\"https:\/\/www.lymphoma.ca\/fr\/#organization\"},\"potentialAction\":[{\"@type\":\"SearchAction\",\"target\":{\"@type\":\"EntryPoint\",\"urlTemplate\":\"https:\/\/www.lymphoma.ca\/fr\/?s={search_term_string}\"},\"query-input\":{\"@type\":\"PropertyValueSpecification\",\"valueRequired\":true,\"valueName\":\"search_term_string\"}}],\"inLanguage\":\"fr-FR\"},{\"@type\":\"Organization\",\"@id\":\"https:\/\/www.lymphoma.ca\/fr\/#organization\",\"name\":\"Lymphoma Canada\",\"url\":\"https:\/\/www.lymphoma.ca\/fr\/\",\"logo\":{\"@type\":\"ImageObject\",\"inLanguage\":\"fr-FR\",\"@id\":\"https:\/\/www.lymphoma.ca\/fr\/#\/schema\/logo\/image\/\",\"url\":\"https:\/\/www.lymphoma.ca\/wp-content\/uploads\/2023\/05\/logo-lymphoma.jpg\",\"contentUrl\":\"https:\/\/www.lymphoma.ca\/wp-content\/uploads\/2023\/05\/logo-lymphoma.jpg\",\"width\":343,\"height\":343,\"caption\":\"Lymphoma Canada\"},\"image\":{\"@id\":\"https:\/\/www.lymphoma.ca\/fr\/#\/schema\/logo\/image\/\"},\"sameAs\":[\"https:\/\/www.facebook.com\/LymphomaCanada\",\"https:\/\/x.com\/lymphomacanada\",\"https:\/\/www.linkedin.com\/company\/lymphoma-canada\/\",\"http:\/\/instagram.com\/lymphomacanada\",\"http:\/\/www.youtube.com\/user\/LymphomaTV\"]}]}<\/script>\n<!-- \/ Yoast SEO plugin. -->","yoast_head_json":{"title":"Journ\u00e9e mondiale de sensibilisation au lymphome 2021 - Lymphoma Canada","description":"Journ\u00e9e mondiale de sensibilisation au lymphome. En septembre, Lymphome Canada pour sensibiliser le public aux cancers du sang.","robots":{"index":"index","follow":"follow","max-snippet":"max-snippet:-1","max-image-preview":"max-image-preview:large","max-video-preview":"max-video-preview:-1"},"canonical":"https:\/\/www.lymphoma.ca\/fr\/wlad2021\/","og_locale":"fr_FR","og_type":"article","og_title":"Journ\u00e9e mondiale de sensibilisation au lymphome 2021 - Lymphoma Canada","og_description":"Journ\u00e9e mondiale de sensibilisation au lymphome. En septembre, Lymphome Canada pour sensibiliser le public aux cancers du sang.","og_url":"https:\/\/www.lymphoma.ca\/fr\/wlad2021\/","og_site_name":"Lymphoma Canada","article_publisher":"https:\/\/www.facebook.com\/LymphomaCanada","article_modified_time":"2021-09-14T16:15:36+00:00","og_image":[{"width":3400,"height":2200,"url":"https:\/\/www.lymphoma.ca\/wp-content\/uploads\/2021\/09\/WECANTWAITHOURGLASS_FRENCH.png","type":"image\/png"}],"twitter_card":"summary_large_image","twitter_site":"@lymphomacanada","twitter_misc":{"Dur\u00e9e de lecture estim\u00e9e":"5 minutes"},"schema":{"@context":"https:\/\/schema.org","@graph":[{"@type":"WebPage","@id":"https:\/\/www.lymphoma.ca\/fr\/wlad2021\/","url":"https:\/\/www.lymphoma.ca\/fr\/wlad2021\/","name":"Journ\u00e9e mondiale de sensibilisation au lymphome 2021 - Lymphoma Canada","isPartOf":{"@id":"https:\/\/www.lymphoma.ca\/fr\/#website"},"primaryImageOfPage":{"@id":"https:\/\/www.lymphoma.ca\/fr\/wlad2021\/#primaryimage"},"image":{"@id":"https:\/\/www.lymphoma.ca\/fr\/wlad2021\/#primaryimage"},"thumbnailUrl":"https:\/\/www.lymphoma.ca\/wp-content\/uploads\/2021\/09\/WECANTWAITHOURGLASS_FRENCH.png","datePublished":"2021-09-10T19:07:31+00:00","dateModified":"2021-09-14T16:15:36+00:00","description":"Journ\u00e9e mondiale de sensibilisation au lymphome. En septembre, Lymphome Canada pour sensibiliser le public aux cancers du sang.","breadcrumb":{"@id":"https:\/\/www.lymphoma.ca\/fr\/wlad2021\/#breadcrumb"},"inLanguage":"fr-FR","potentialAction":[{"@type":"ReadAction","target":["https:\/\/www.lymphoma.ca\/fr\/wlad2021\/"]}]},{"@type":"ImageObject","inLanguage":"fr-FR","@id":"https:\/\/www.lymphoma.ca\/fr\/wlad2021\/#primaryimage","url":"https:\/\/www.lymphoma.ca\/wp-content\/uploads\/2021\/09\/WECANTWAITHOURGLASS_FRENCH.png","contentUrl":"https:\/\/www.lymphoma.ca\/wp-content\/uploads\/2021\/09\/WECANTWAITHOURGLASS_FRENCH.png","width":3400,"height":2200},{"@type":"BreadcrumbList","@id":"https:\/\/www.lymphoma.ca\/fr\/wlad2021\/#breadcrumb","itemListElement":[{"@type":"ListItem","position":1,"name":"Home","item":"https:\/\/www.lymphoma.ca\/fr\/"},{"@type":"ListItem","position":2,"name":"Journ\u00e9e mondiale de sensibilisation au lymphome 2021"}]},{"@type":"WebSite","@id":"https:\/\/www.lymphoma.ca\/fr\/#website","url":"https:\/\/www.lymphoma.ca\/fr\/","name":"Lymphoma Canada","description":"Information. Help. Hope.","publisher":{"@id":"https:\/\/www.lymphoma.ca\/fr\/#organization"},"potentialAction":[{"@type":"SearchAction","target":{"@type":"EntryPoint","urlTemplate":"https:\/\/www.lymphoma.ca\/fr\/?s={search_term_string}"},"query-input":{"@type":"PropertyValueSpecification","valueRequired":true,"valueName":"search_term_string"}}],"inLanguage":"fr-FR"},{"@type":"Organization","@id":"https:\/\/www.lymphoma.ca\/fr\/#organization","name":"Lymphoma Canada","url":"https:\/\/www.lymphoma.ca\/fr\/","logo":{"@type":"ImageObject","inLanguage":"fr-FR","@id":"https:\/\/www.lymphoma.ca\/fr\/#\/schema\/logo\/image\/","url":"https:\/\/www.lymphoma.ca\/wp-content\/uploads\/2023\/05\/logo-lymphoma.jpg","contentUrl":"https:\/\/www.lymphoma.ca\/wp-content\/uploads\/2023\/05\/logo-lymphoma.jpg","width":343,"height":343,"caption":"Lymphoma Canada"},"image":{"@id":"https:\/\/www.lymphoma.ca\/fr\/#\/schema\/logo\/image\/"},"sameAs":["https:\/\/www.facebook.com\/LymphomaCanada","https:\/\/x.com\/lymphomacanada","https:\/\/www.linkedin.com\/company\/lymphoma-canada\/","http:\/\/instagram.com\/lymphomacanada","http:\/\/www.youtube.com\/user\/LymphomaTV"]}]}},"_links":{"self":[{"href":"https:\/\/www.lymphoma.ca\/fr\/wp-json\/wp\/v2\/pages\/10491","targetHints":{"allow":["GET"]}}],"collection":[{"href":"https:\/\/www.lymphoma.ca\/fr\/wp-json\/wp\/v2\/pages"}],"about":[{"href":"https:\/\/www.lymphoma.ca\/fr\/wp-json\/wp\/v2\/types\/page"}],"author":[{"embeddable":true,"href":"https:\/\/www.lymphoma.ca\/fr\/wp-json\/wp\/v2\/users\/35"}],"replies":[{"embeddable":true,"href":"https:\/\/www.lymphoma.ca\/fr\/wp-json\/wp\/v2\/comments?post=10491"}],"version-history":[{"count":5,"href":"https:\/\/www.lymphoma.ca\/fr\/wp-json\/wp\/v2\/pages\/10491\/revisions"}],"predecessor-version":[{"id":10503,"href":"https:\/\/www.lymphoma.ca\/fr\/wp-json\/wp\/v2\/pages\/10491\/revisions\/10503"}],"wp:featuredmedia":[{"embeddable":true,"href":"https:\/\/www.lymphoma.ca\/fr\/wp-json\/wp\/v2\/media\/10495"}],"wp:attachment":[{"href":"https:\/\/www.lymphoma.ca\/fr\/wp-json\/wp\/v2\/media?parent=10491"}],"wp:term":[{"taxonomy":"category","embeddable":true,"href":"https:\/\/www.lymphoma.ca\/fr\/wp-json\/wp\/v2\/categories?post=10491"},{"taxonomy":"post_tag","embeddable":true,"href":"https:\/\/www.lymphoma.ca\/fr\/wp-json\/wp\/v2\/tags?post=10491"}],"curies":[{"name":"wp","href":"https:\/\/api.w.org\/{rel}","templated":true}]}}