{"id":15097,"date":"2023-09-28T15:03:58","date_gmt":"2023-09-28T15:03:58","guid":{"rendered":"https:\/\/www.lymphoma.ca\/?page_id=15097"},"modified":"2023-11-16T19:36:47","modified_gmt":"2023-11-16T19:36:47","slug":"2023-conference-francophone-sur-le-lymphome-et-la-llc-a-lintention-des-patients","status":"publish","type":"page","link":"https:\/\/www.lymphoma.ca\/fr\/nouvelles-et-evenements\/2023-conference-francophone-sur-le-lymphome-et-la-llc-a-lintention-des-patients\/","title":{"rendered":"2023 Francophone Conference on Lymphoma and CLL for Patients"},"content":{"rendered":"[vc_row type=\u00a0\u00bbin_container\u00a0\u00bb full_screen_row_position=\u00a0\u00bbmiddle\u00a0\u00bb column_margin=\u00a0\u00bbdefault\u00a0\u00bb column_direction=\u00a0\u00bbdefault\u00a0\u00bb column_direction_tablet=\u00a0\u00bbdefault\u00a0\u00bb column_direction_phone=\u00a0\u00bbdefault\u00a0\u00bb scene_position=\u00a0\u00bbcenter\u00a0\u00bb text_color=\u00a0\u00bbdark\u00a0\u00bb text_align=\u00a0\u00bbleft\u00a0\u00bb row_border_radius=\u00a0\u00bbnone\u00a0\u00bb row_border_radius_applies=\u00a0\u00bbbg\u00a0\u00bb overlay_strength=\u00a0\u00bb0.3&Prime; gradient_direction=\u00a0\u00bbleft_to_right\u00a0\u00bb shape_divider_position=\u00a0\u00bbbottom\u00a0\u00bb bg_image_animation=\u00a0\u00bbnone\u00a0\u00bb][vc_column column_padding=\u00a0\u00bbno-extra-padding\u00a0\u00bb column_padding_tablet=\u00a0\u00bbinherit\u00a0\u00bb column_padding_phone=\u00a0\u00bbinherit\u00a0\u00bb column_padding_position=\u00a0\u00bball\u00a0\u00bb background_color_opacity=\u00a0\u00bb1&Prime; background_hover_color_opacity=\u00a0\u00bb1&Prime; column_shadow=\u00a0\u00bbnone\u00a0\u00bb column_border_radius=\u00a0\u00bbnone\u00a0\u00bb column_link_target=\u00a0\u00bb_self\u00a0\u00bb gradient_direction=\u00a0\u00bbleft_to_right\u00a0\u00bb overlay_strength=\u00a0\u00bb0.3&Prime; width=\u00a0\u00bb1\/1&Prime; tablet_width_inherit=\u00a0\u00bbdefault\u00a0\u00bb tablet_text_alignment=\u00a0\u00bbdefault\u00a0\u00bb phone_text_alignment=\u00a0\u00bbdefault\u00a0\u00bb column_border_width=\u00a0\u00bbnone\u00a0\u00bb column_border_style=\u00a0\u00bbsolid\u00a0\u00bb bg_image_animation=\u00a0\u00bbnone\u00a0\u00bb][vc_column_text]\n<h1 tabindex=\"0\" aria-label=\"2023 Conf\u00e9rence De Qu\u00e9bec Sur Le Lymphome Et La LLC \u00c0 L\u2019intention Des Patients\">2023 Conf\u00e9rence francophone sur le lymphome et la LLC \u00e0 l\u2019intention des patients<\/h1>\n<h2><strong>\u2013 \u00c9v\u00e9nement virtuel<br \/>\n<\/strong><\/h2>\n<p><strong>Date : 15 novembre<\/strong><\/p>\n<p><strong>Temps: 11:00-15:15 ET<\/strong><\/p>\n<p>Lymphome Canada est heureux de pouvoir organiser sa 3e conf\u00e9rence francophone \u00e0 l\u2019intention des patients. Cet \u00e9v\u00e9nement \u00e9ducatif, qui est gratuit, se d\u00e9roulera virtuellement et comprendra des pr\u00e9sentations donn\u00e9es par des universitaires et des sp\u00e9cialistes chevronn\u00e9s de tout le Canada. Au nombre des sujets \u00e0 l\u2019ordre du jour, notons certaines informations sp\u00e9cifiques \u00e0 la maladie et au traitement; l&rsquo;importance de conna\u00eetre son sous-type de lymphome; la mani\u00e8re dont les nouveaux traitements du lymphome sont approuv\u00e9s au Canada; et une mise \u00e0 jour sur le COVID-19 pour les patients et leurs soignants. Tous ces renseignements vous seront offerts dans le confort de votre foyer gr\u00e2ce \u00e0 notre plateforme virtuelle. Nous esp\u00e9rons vous voir en grand nombre!<\/p>\n<p>Un ordre du jour complet peut \u00eatre trouv\u00e9 ci-dessous<\/p>\n<div class=\"notranslate\" style=\"all: initial;\"><\/div>\n[\/vc_column_text][\/vc_column][\/vc_row][vc_row type=\u00a0\u00bbin_container\u00a0\u00bb full_screen_row_position=\u00a0\u00bbmiddle\u00a0\u00bb column_margin=\u00a0\u00bbdefault\u00a0\u00bb column_direction=\u00a0\u00bbdefault\u00a0\u00bb column_direction_tablet=\u00a0\u00bbdefault\u00a0\u00bb column_direction_phone=\u00a0\u00bbdefault\u00a0\u00bb scene_position=\u00a0\u00bbcenter\u00a0\u00bb text_color=\u00a0\u00bbdark\u00a0\u00bb text_align=\u00a0\u00bbleft\u00a0\u00bb row_border_radius=\u00a0\u00bbnone\u00a0\u00bb row_border_radius_applies=\u00a0\u00bbbg\u00a0\u00bb overlay_strength=\u00a0\u00bb0.3&Prime; gradient_direction=\u00a0\u00bbleft_to_right\u00a0\u00bb shape_divider_position=\u00a0\u00bbbottom\u00a0\u00bb bg_image_animation=\u00a0\u00bbnone\u00a0\u00bb][vc_column column_padding=\u00a0\u00bbno-extra-padding\u00a0\u00bb column_padding_tablet=\u00a0\u00bbinherit\u00a0\u00bb column_padding_phone=\u00a0\u00bbinherit\u00a0\u00bb column_padding_position=\u00a0\u00bball\u00a0\u00bb background_color_opacity=\u00a0\u00bb1&Prime; background_hover_color_opacity=\u00a0\u00bb1&Prime; column_shadow=\u00a0\u00bbnone\u00a0\u00bb column_border_radius=\u00a0\u00bbnone\u00a0\u00bb column_link_target=\u00a0\u00bb_self\u00a0\u00bb gradient_direction=\u00a0\u00bbleft_to_right\u00a0\u00bb overlay_strength=\u00a0\u00bb0.3&Prime; width=\u00a0\u00bb1\/3&Prime; tablet_width_inherit=\u00a0\u00bbdefault\u00a0\u00bb tablet_text_alignment=\u00a0\u00bbdefault\u00a0\u00bb phone_text_alignment=\u00a0\u00bbdefault\u00a0\u00bb column_border_width=\u00a0\u00bbnone\u00a0\u00bb column_border_style=\u00a0\u00bbsolid\u00a0\u00bb bg_image_animation=\u00a0\u00bbnone\u00a0\u00bb][nectar_btn size=\u00a0\u00bbjumbo\u00a0\u00bb open_new_tab=\u00a0\u00bbtrue\u00a0\u00bb button_style=\u00a0\u00bbregular\u00a0\u00bb button_color_2=\u00a0\u00bbAccent-Color\u00a0\u00bb icon_family=\u00a0\u00bbnone\u00a0\u00bb text=\u00a0\u00bbS&rsquo;inscrire \/ s&rsquo;identifier maintenant\u00a0\u00bb url=\u00a0\u00bbhttps:\/\/lymphomaquebecconference.vfairs.com\/\u00a0\u00bb][\/vc_column][vc_column column_padding=\u00a0\u00bbno-extra-padding\u00a0\u00bb column_padding_tablet=\u00a0\u00bbinherit\u00a0\u00bb column_padding_phone=\u00a0\u00bbinherit\u00a0\u00bb column_padding_position=\u00a0\u00bball\u00a0\u00bb background_color_opacity=\u00a0\u00bb1&Prime; background_hover_color_opacity=\u00a0\u00bb1&Prime; column_shadow=\u00a0\u00bbnone\u00a0\u00bb column_border_radius=\u00a0\u00bbnone\u00a0\u00bb column_link_target=\u00a0\u00bb_self\u00a0\u00bb gradient_direction=\u00a0\u00bbleft_to_right\u00a0\u00bb overlay_strength=\u00a0\u00bb0.3&Prime; width=\u00a0\u00bb1\/3&Prime; tablet_width_inherit=\u00a0\u00bbdefault\u00a0\u00bb tablet_text_alignment=\u00a0\u00bbdefault\u00a0\u00bb phone_text_alignment=\u00a0\u00bbdefault\u00a0\u00bb column_border_width=\u00a0\u00bbnone\u00a0\u00bb column_border_style=\u00a0\u00bbsolid\u00a0\u00bb bg_image_animation=\u00a0\u00bbnone\u00a0\u00bb][nectar_btn size=\u00a0\u00bbjumbo\u00a0\u00bb open_new_tab=\u00a0\u00bbtrue\u00a0\u00bb button_style=\u00a0\u00bbregular\u00a0\u00bb button_color_2=\u00a0\u00bbAccent-Color\u00a0\u00bb icon_family=\u00a0\u00bbnone\u00a0\u00bb text=\u00a0\u00bbCiquez ici pour t\u00e9l\u00e9charger l&rsquo;affiche de la conf\u00e9rence\u00a0\u00bb url=\u00a0\u00bbhttps:\/\/www.lymphoma.ca\/wp-content\/uploads\/2023\/10\/FrancophoneConference-Lymphoma-Canada.pdf\u00a0\u00bb][\/vc_column][vc_column column_padding=\u00a0\u00bbno-extra-padding\u00a0\u00bb column_padding_tablet=\u00a0\u00bbinherit\u00a0\u00bb column_padding_phone=\u00a0\u00bbinherit\u00a0\u00bb column_padding_position=\u00a0\u00bball\u00a0\u00bb background_color_opacity=\u00a0\u00bb1&Prime; background_hover_color_opacity=\u00a0\u00bb1&Prime; column_shadow=\u00a0\u00bbnone\u00a0\u00bb column_border_radius=\u00a0\u00bbnone\u00a0\u00bb column_link_target=\u00a0\u00bb_self\u00a0\u00bb gradient_direction=\u00a0\u00bbleft_to_right\u00a0\u00bb overlay_strength=\u00a0\u00bb0.3&Prime; width=\u00a0\u00bb1\/3&Prime; tablet_width_inherit=\u00a0\u00bbdefault\u00a0\u00bb tablet_text_alignment=\u00a0\u00bbdefault\u00a0\u00bb phone_text_alignment=\u00a0\u00bbdefault\u00a0\u00bb column_border_width=\u00a0\u00bbnone\u00a0\u00bb column_border_style=\u00a0\u00bbsolid\u00a0\u00bb bg_image_animation=\u00a0\u00bbnone\u00a0\u00bb][\/vc_column][\/vc_row][vc_row type=\u00a0\u00bbin_container\u00a0\u00bb full_screen_row_position=\u00a0\u00bbmiddle\u00a0\u00bb column_margin=\u00a0\u00bbdefault\u00a0\u00bb column_direction=\u00a0\u00bbdefault\u00a0\u00bb column_direction_tablet=\u00a0\u00bbdefault\u00a0\u00bb column_direction_phone=\u00a0\u00bbdefault\u00a0\u00bb scene_position=\u00a0\u00bbcenter\u00a0\u00bb text_color=\u00a0\u00bbdark\u00a0\u00bb text_align=\u00a0\u00bbleft\u00a0\u00bb row_border_radius=\u00a0\u00bbnone\u00a0\u00bb row_border_radius_applies=\u00a0\u00bbbg\u00a0\u00bb overlay_strength=\u00a0\u00bb0.3&Prime; gradient_direction=\u00a0\u00bbleft_to_right\u00a0\u00bb shape_divider_position=\u00a0\u00bbbottom\u00a0\u00bb bg_image_animation=\u00a0\u00bbnone\u00a0\u00bb][vc_column column_padding=\u00a0\u00bbno-extra-padding\u00a0\u00bb column_padding_tablet=\u00a0\u00bbinherit\u00a0\u00bb column_padding_phone=\u00a0\u00bbinherit\u00a0\u00bb column_padding_position=\u00a0\u00bball\u00a0\u00bb background_color_opacity=\u00a0\u00bb1&Prime; background_hover_color_opacity=\u00a0\u00bb1&Prime; column_shadow=\u00a0\u00bbnone\u00a0\u00bb column_border_radius=\u00a0\u00bbnone\u00a0\u00bb column_link_target=\u00a0\u00bb_self\u00a0\u00bb gradient_direction=\u00a0\u00bbleft_to_right\u00a0\u00bb overlay_strength=\u00a0\u00bb0.3&Prime; width=\u00a0\u00bb1\/1&Prime; tablet_width_inherit=\u00a0\u00bbdefault\u00a0\u00bb tablet_text_alignment=\u00a0\u00bbdefault\u00a0\u00bb phone_text_alignment=\u00a0\u00bbdefault\u00a0\u00bb column_border_width=\u00a0\u00bbnone\u00a0\u00bb column_border_style=\u00a0\u00bbsolid\u00a0\u00bb bg_image_animation=\u00a0\u00bbnone\u00a0\u00bb][vc_column_text]\n<h2>2023 Conf\u00e9rence francophone programme<\/h2>\n[\/vc_column_text][\/vc_column][\/vc_row][vc_row type=\u00a0\u00bbin_container\u00a0\u00bb full_screen_row_position=\u00a0\u00bbmiddle\u00a0\u00bb column_margin=\u00a0\u00bbdefault\u00a0\u00bb column_direction=\u00a0\u00bbdefault\u00a0\u00bb column_direction_tablet=\u00a0\u00bbdefault\u00a0\u00bb column_direction_phone=\u00a0\u00bbdefault\u00a0\u00bb scene_position=\u00a0\u00bbcenter\u00a0\u00bb text_color=\u00a0\u00bbdark\u00a0\u00bb text_align=\u00a0\u00bbleft\u00a0\u00bb row_border_radius=\u00a0\u00bbnone\u00a0\u00bb row_border_radius_applies=\u00a0\u00bbbg\u00a0\u00bb overlay_strength=\u00a0\u00bb0.3&Prime; gradient_direction=\u00a0\u00bbleft_to_right\u00a0\u00bb shape_divider_position=\u00a0\u00bbbottom\u00a0\u00bb bg_image_animation=\u00a0\u00bbnone\u00a0\u00bb][vc_column column_padding=\u00a0\u00bbno-extra-padding\u00a0\u00bb column_padding_tablet=\u00a0\u00bbinherit\u00a0\u00bb column_padding_phone=\u00a0\u00bbinherit\u00a0\u00bb column_padding_position=\u00a0\u00bball\u00a0\u00bb background_color_opacity=\u00a0\u00bb1&Prime; background_hover_color_opacity=\u00a0\u00bb1&Prime; column_shadow=\u00a0\u00bbnone\u00a0\u00bb column_border_radius=\u00a0\u00bbnone\u00a0\u00bb column_link_target=\u00a0\u00bb_self\u00a0\u00bb gradient_direction=\u00a0\u00bbleft_to_right\u00a0\u00bb overlay_strength=\u00a0\u00bb0.3&Prime; width=\u00a0\u00bb1\/1&Prime; tablet_width_inherit=\u00a0\u00bbdefault\u00a0\u00bb tablet_text_alignment=\u00a0\u00bbdefault\u00a0\u00bb phone_text_alignment=\u00a0\u00bbdefault\u00a0\u00bb column_border_width=\u00a0\u00bbnone\u00a0\u00bb column_border_style=\u00a0\u00bbsolid\u00a0\u00bb bg_image_animation=\u00a0\u00bbnone\u00a0\u00bb][divider line_type=\u00a0\u00bbFull Width Line\u00a0\u00bb line_thickness=\u00a0\u00bb1&Prime; divider_color=\u00a0\u00bbdefault\u00a0\u00bb custom_height=\u00a0\u00bb40&Prime;][\/vc_column][\/vc_row][vc_row type=\u00a0\u00bbin_container\u00a0\u00bb full_screen_row_position=\u00a0\u00bbmiddle\u00a0\u00bb column_margin=\u00a0\u00bbdefault\u00a0\u00bb column_direction=\u00a0\u00bbdefault\u00a0\u00bb column_direction_tablet=\u00a0\u00bbdefault\u00a0\u00bb column_direction_phone=\u00a0\u00bbdefault\u00a0\u00bb scene_position=\u00a0\u00bbcenter\u00a0\u00bb text_color=\u00a0\u00bbdark\u00a0\u00bb text_align=\u00a0\u00bbleft\u00a0\u00bb row_border_radius=\u00a0\u00bbnone\u00a0\u00bb row_border_radius_applies=\u00a0\u00bbbg\u00a0\u00bb overlay_strength=\u00a0\u00bb0.3&Prime; gradient_direction=\u00a0\u00bbleft_to_right\u00a0\u00bb shape_divider_position=\u00a0\u00bbbottom\u00a0\u00bb bg_image_animation=\u00a0\u00bbnone\u00a0\u00bb][vc_column column_padding=\u00a0\u00bbno-extra-padding\u00a0\u00bb column_padding_tablet=\u00a0\u00bbinherit\u00a0\u00bb column_padding_phone=\u00a0\u00bbinherit\u00a0\u00bb column_padding_position=\u00a0\u00bball\u00a0\u00bb background_color_opacity=\u00a0\u00bb1&Prime; background_hover_color_opacity=\u00a0\u00bb1&Prime; column_shadow=\u00a0\u00bbnone\u00a0\u00bb column_border_radius=\u00a0\u00bbnone\u00a0\u00bb column_link_target=\u00a0\u00bb_self\u00a0\u00bb gradient_direction=\u00a0\u00bbleft_to_right\u00a0\u00bb overlay_strength=\u00a0\u00bb0.3&Prime; width=\u00a0\u00bb1\/1&Prime; tablet_width_inherit=\u00a0\u00bbdefault\u00a0\u00bb tablet_text_alignment=\u00a0\u00bbdefault\u00a0\u00bb phone_text_alignment=\u00a0\u00bbdefault\u00a0\u00bb column_border_width=\u00a0\u00bbnone\u00a0\u00bb column_border_style=\u00a0\u00bbsolid\u00a0\u00bb bg_image_animation=\u00a0\u00bbnone\u00a0\u00bb][vc_column_text]\n<h4>Mercredi 15 novembre 2023 (11:00 \u2013 15:15 ET)<\/h4>\n<p>11:00-11:10 <strong>Vue d\u2019ensemble et remarques pr\u00e9liminaires de la pr\u00e9sidente<\/strong><\/p>\n<p><iframe loading=\"lazy\" title=\"YouTube video player\" src=\"https:\/\/www.youtube.com\/embed\/kQJEur5EqGo\" width=\"560\" height=\"315\" frameborder=\"0\" allowfullscreen=\"allowfullscreen\"><\/iframe><\/p>\n<p>11:10-11:25 <strong>Histoire d\u2019un patient (invit\u00e9 d\u2019honneur)<\/strong><\/p>\n<p><iframe loading=\"lazy\" title=\"YouTube video player\" src=\"https:\/\/www.youtube.com\/embed\/ETujfEvIA7U\" width=\"560\" height=\"315\" frameborder=\"0\" allowfullscreen=\"allowfullscreen\"><\/iframe><\/p>\n<p>11:25-11:55 <strong>Lymphome 101 pour les patients dont le diagnostic est r\u00e9cent<\/strong><\/p>\n<p><iframe loading=\"lazy\" title=\"YouTube video player\" src=\"https:\/\/www.youtube.com\/embed\/cCHxB5LN_C4\" width=\"560\" height=\"315\" frameborder=\"0\" allowfullscreen=\"allowfullscreen\"><\/iframe><\/p>\n<p>12:00-12:30 <strong>Importance de conna\u00eetre votre sous-type<\/strong><\/p>\n<p><iframe loading=\"lazy\" title=\"YouTube video player\" src=\"https:\/\/www.youtube.com\/embed\/12-l2M--9k8\" width=\"560\" height=\"315\" frameborder=\"0\" allowfullscreen=\"allowfullscreen\"><\/iframe><\/p>\n<p>12:40-13:30 <strong>S\u00e9ances en petits groupes : Sous types du lymphome \u2013 Biologie sp\u00e9cifique \u00e0 la maladie et traitements actuels et futurs<\/strong><\/p>\n<ul>\n<li style=\"list-style-type: none;\">\n<ul>\n<li>Lymphomes non hodgkiniens agressifs \u00e0 cellules B<\/li>\n<\/ul>\n<\/li>\n<\/ul>\n<p><iframe loading=\"lazy\" title=\"YouTube video player\" src=\"https:\/\/www.youtube.com\/embed\/kV1uQ6E9Ws4\" width=\"560\" height=\"315\" frameborder=\"0\" allowfullscreen=\"allowfullscreen\"><\/iframe><\/p>\n<ul>\n<li style=\"list-style-type: none;\">\n<ul>\n<li>Lymphomes non hodgkiniens agressifs \u00e0 cellules T<\/li>\n<\/ul>\n<\/li>\n<\/ul>\n<p><iframe loading=\"lazy\" title=\"YouTube video player\" src=\"https:\/\/www.youtube.com\/embed\/s-Xwc_Smjm8\" width=\"560\" height=\"315\" frameborder=\"0\" allowfullscreen=\"allowfullscreen\"><\/iframe><\/p>\n<ul>\n<li style=\"list-style-type: none;\">\n<ul>\n<li>Lymphomes non hodgkiniens de type indolent<\/li>\n<\/ul>\n<\/li>\n<\/ul>\n<p><iframe loading=\"lazy\" title=\"YouTube video player\" src=\"https:\/\/www.youtube.com\/embed\/SPu0Iw5yAQk\" width=\"560\" height=\"315\" frameborder=\"0\" allowfullscreen=\"allowfullscreen\"><\/iframe><\/p>\n<ul>\n<li style=\"list-style-type: none;\">\n<ul>\n<li>Leuc\u00e9mie lympho\u00efde chronique\/Lymphome \u00e0 petits lymphocytes<\/li>\n<\/ul>\n<\/li>\n<\/ul>\n<p><iframe loading=\"lazy\" title=\"YouTube video player\" src=\"https:\/\/www.youtube.com\/embed\/sOXmjKUK6sg\" width=\"560\" height=\"315\" frameborder=\"0\" allowfullscreen=\"allowfullscreen\"><\/iframe><\/p>\n<ul>\n<li style=\"list-style-type: none;\">\n<ul>\n<li>Lymphome de Hodgkin<\/li>\n<\/ul>\n<\/li>\n<\/ul>\n<p><iframe loading=\"lazy\" title=\"YouTube video player\" src=\"https:\/\/www.youtube.com\/embed\/RtbDrWEd7kA\" width=\"560\" height=\"315\" frameborder=\"0\" allowfullscreen=\"allowfullscreen\"><\/iframe><\/p>\n<p>13:40-14:10 <strong>La th\u00e9rapie CAR T-cell : une infirmi\u00e8re explique<\/strong><\/p>\n<p><iframe loading=\"lazy\" title=\"YouTube video player\" src=\"https:\/\/www.youtube.com\/embed\/CWR_2TdJ6EU\" width=\"560\" height=\"315\" frameborder=\"0\" allowfullscreen=\"allowfullscreen\"><\/iframe><\/p>\n<p>14:10-14:45 <strong>Infections virales et vaccins pour les cas de lymphome et de LLC<\/strong><\/p>\n<p><iframe loading=\"lazy\" title=\"YouTube video player\" src=\"https:\/\/www.youtube.com\/embed\/CrmWMvX2VHU\" width=\"560\" height=\"315\" frameborder=\"0\" allowfullscreen=\"allowfullscreen\"><\/iframe><\/p>\n<p>14:50-15:00 <strong>Mot de la fin<\/strong><\/p>\n<p><iframe loading=\"lazy\" title=\"YouTube video player\" src=\"https:\/\/www.youtube.com\/embed\/U81kfh_Snqw\" width=\"560\" height=\"315\" frameborder=\"0\" allowfullscreen=\"allowfullscreen\"><\/iframe>[\/vc_column_text][\/vc_column][\/vc_row][vc_row type=\u00a0\u00bbin_container\u00a0\u00bb full_screen_row_position=\u00a0\u00bbmiddle\u00a0\u00bb column_margin=\u00a0\u00bbdefault\u00a0\u00bb column_direction=\u00a0\u00bbdefault\u00a0\u00bb column_direction_tablet=\u00a0\u00bbdefault\u00a0\u00bb column_direction_phone=\u00a0\u00bbdefault\u00a0\u00bb scene_position=\u00a0\u00bbcenter\u00a0\u00bb text_color=\u00a0\u00bbdark\u00a0\u00bb text_align=\u00a0\u00bbleft\u00a0\u00bb row_border_radius=\u00a0\u00bbnone\u00a0\u00bb row_border_radius_applies=\u00a0\u00bbbg\u00a0\u00bb overlay_strength=\u00a0\u00bb0.3&Prime; gradient_direction=\u00a0\u00bbleft_to_right\u00a0\u00bb shape_divider_position=\u00a0\u00bbbottom\u00a0\u00bb bg_image_animation=\u00a0\u00bbnone\u00a0\u00bb][vc_column column_padding=\u00a0\u00bbno-extra-padding\u00a0\u00bb column_padding_tablet=\u00a0\u00bbinherit\u00a0\u00bb column_padding_phone=\u00a0\u00bbinherit\u00a0\u00bb column_padding_position=\u00a0\u00bball\u00a0\u00bb background_color_opacity=\u00a0\u00bb1&Prime; background_hover_color_opacity=\u00a0\u00bb1&Prime; column_shadow=\u00a0\u00bbnone\u00a0\u00bb column_border_radius=\u00a0\u00bbnone\u00a0\u00bb column_link_target=\u00a0\u00bb_self\u00a0\u00bb gradient_direction=\u00a0\u00bbleft_to_right\u00a0\u00bb overlay_strength=\u00a0\u00bb0.3&Prime; width=\u00a0\u00bb1\/1&Prime; tablet_width_inherit=\u00a0\u00bbdefault\u00a0\u00bb tablet_text_alignment=\u00a0\u00bbdefault\u00a0\u00bb phone_text_alignment=\u00a0\u00bbdefault\u00a0\u00bb column_border_width=\u00a0\u00bbnone\u00a0\u00bb column_border_style=\u00a0\u00bbsolid\u00a0\u00bb bg_image_animation=\u00a0\u00bbnone\u00a0\u00bb][divider line_type=\u00a0\u00bbFull Width Line\u00a0\u00bb line_thickness=\u00a0\u00bb1&Prime; divider_color=\u00a0\u00bbdefault\u00a0\u00bb custom_height=\u00a0\u00bb40&Prime;][\/vc_column][\/vc_row][vc_row type=\u00a0\u00bbin_container\u00a0\u00bb full_screen_row_position=\u00a0\u00bbmiddle\u00a0\u00bb column_margin=\u00a0\u00bbdefault\u00a0\u00bb column_direction=\u00a0\u00bbdefault\u00a0\u00bb column_direction_tablet=\u00a0\u00bbdefault\u00a0\u00bb column_direction_phone=\u00a0\u00bbdefault\u00a0\u00bb scene_position=\u00a0\u00bbcenter\u00a0\u00bb text_color=\u00a0\u00bbdark\u00a0\u00bb text_align=\u00a0\u00bbleft\u00a0\u00bb row_border_radius=\u00a0\u00bbnone\u00a0\u00bb row_border_radius_applies=\u00a0\u00bbbg\u00a0\u00bb overlay_strength=\u00a0\u00bb0.3&Prime; gradient_direction=\u00a0\u00bbleft_to_right\u00a0\u00bb shape_divider_position=\u00a0\u00bbbottom\u00a0\u00bb bg_image_animation=\u00a0\u00bbnone\u00a0\u00bb][vc_column column_padding=\u00a0\u00bbno-extra-padding\u00a0\u00bb column_padding_tablet=\u00a0\u00bbinherit\u00a0\u00bb column_padding_phone=\u00a0\u00bbinherit\u00a0\u00bb column_padding_position=\u00a0\u00bball\u00a0\u00bb background_color_opacity=\u00a0\u00bb1&Prime; background_hover_color_opacity=\u00a0\u00bb1&Prime; column_shadow=\u00a0\u00bbnone\u00a0\u00bb column_border_radius=\u00a0\u00bbnone\u00a0\u00bb column_link_target=\u00a0\u00bb_self\u00a0\u00bb gradient_direction=\u00a0\u00bbleft_to_right\u00a0\u00bb overlay_strength=\u00a0\u00bb0.3&Prime; width=\u00a0\u00bb1\/2&Prime; tablet_width_inherit=\u00a0\u00bbdefault\u00a0\u00bb tablet_text_alignment=\u00a0\u00bbdefault\u00a0\u00bb phone_text_alignment=\u00a0\u00bbdefault\u00a0\u00bb column_border_width=\u00a0\u00bbnone\u00a0\u00bb column_border_style=\u00a0\u00bbsolid\u00a0\u00bb bg_image_animation=\u00a0\u00bbnone\u00a0\u00bb][nectar_btn size=\u00a0\u00bblarge\u00a0\u00bb open_new_tab=\u00a0\u00bbtrue\u00a0\u00bb button_style=\u00a0\u00bbregular\u00a0\u00bb button_color_2=\u00a0\u00bbAccent-Color\u00a0\u00bb icon_family=\u00a0\u00bbnone\u00a0\u00bb text=\u00a0\u00bbFaites un don\u00a0\u00bb url=\u00a0\u00bbhttps:\/\/secure.e2rm.com\/registrant\/DonationPage.aspx?EventID=121854&amp;LangPref=fr-CA&amp;Referrer=direct%2fnone\u00a0\u00bb][\/vc_column][vc_column column_padding=\u00a0\u00bbno-extra-padding\u00a0\u00bb column_padding_tablet=\u00a0\u00bbinherit\u00a0\u00bb column_padding_phone=\u00a0\u00bbinherit\u00a0\u00bb column_padding_position=\u00a0\u00bball\u00a0\u00bb background_color_opacity=\u00a0\u00bb1&Prime; background_hover_color_opacity=\u00a0\u00bb1&Prime; column_shadow=\u00a0\u00bbnone\u00a0\u00bb column_border_radius=\u00a0\u00bbnone\u00a0\u00bb column_link_target=\u00a0\u00bb_self\u00a0\u00bb gradient_direction=\u00a0\u00bbleft_to_right\u00a0\u00bb overlay_strength=\u00a0\u00bb0.3&Prime; width=\u00a0\u00bb1\/2&Prime; tablet_width_inherit=\u00a0\u00bbdefault\u00a0\u00bb tablet_text_alignment=\u00a0\u00bbdefault\u00a0\u00bb phone_text_alignment=\u00a0\u00bbdefault\u00a0\u00bb column_border_width=\u00a0\u00bbnone\u00a0\u00bb column_border_style=\u00a0\u00bbsolid\u00a0\u00bb bg_image_animation=\u00a0\u00bbnone\u00a0\u00bb][\/vc_column][\/vc_row][vc_row type=\u00a0\u00bbin_container\u00a0\u00bb full_screen_row_position=\u00a0\u00bbmiddle\u00a0\u00bb column_margin=\u00a0\u00bbdefault\u00a0\u00bb column_direction=\u00a0\u00bbdefault\u00a0\u00bb column_direction_tablet=\u00a0\u00bbdefault\u00a0\u00bb column_direction_phone=\u00a0\u00bbdefault\u00a0\u00bb scene_position=\u00a0\u00bbcenter\u00a0\u00bb text_color=\u00a0\u00bbdark\u00a0\u00bb text_align=\u00a0\u00bbleft\u00a0\u00bb row_border_radius=\u00a0\u00bbnone\u00a0\u00bb row_border_radius_applies=\u00a0\u00bbbg\u00a0\u00bb overlay_strength=\u00a0\u00bb0.3&Prime; gradient_direction=\u00a0\u00bbleft_to_right\u00a0\u00bb shape_divider_position=\u00a0\u00bbbottom\u00a0\u00bb bg_image_animation=\u00a0\u00bbnone\u00a0\u00bb][vc_column column_padding=\u00a0\u00bbno-extra-padding\u00a0\u00bb column_padding_tablet=\u00a0\u00bbinherit\u00a0\u00bb column_padding_phone=\u00a0\u00bbinherit\u00a0\u00bb column_padding_position=\u00a0\u00bball\u00a0\u00bb background_color_opacity=\u00a0\u00bb1&Prime; background_hover_color_opacity=\u00a0\u00bb1&Prime; column_shadow=\u00a0\u00bbnone\u00a0\u00bb column_border_radius=\u00a0\u00bbnone\u00a0\u00bb column_link_target=\u00a0\u00bb_self\u00a0\u00bb gradient_direction=\u00a0\u00bbleft_to_right\u00a0\u00bb overlay_strength=\u00a0\u00bb0.3&Prime; width=\u00a0\u00bb1\/1&Prime; tablet_width_inherit=\u00a0\u00bbdefault\u00a0\u00bb tablet_text_alignment=\u00a0\u00bbdefault\u00a0\u00bb phone_text_alignment=\u00a0\u00bbdefault\u00a0\u00bb column_border_width=\u00a0\u00bbnone\u00a0\u00bb column_border_style=\u00a0\u00bbsolid\u00a0\u00bb bg_image_animation=\u00a0\u00bbnone\u00a0\u00bb][vc_column_text]Cette conf\u00e9rence est offerte gratuitement. Merci d\u2019envisager de faire un don pour aider Lymphoma Canada \u00e0 continuer de fournir des informations accessibles sur le lymphome \u00e0 tous les Canadiens et Canadiennes.[\/vc_column_text][\/vc_column][\/vc_row][vc_row type=\u00a0\u00bbin_container\u00a0\u00bb full_screen_row_position=\u00a0\u00bbmiddle\u00a0\u00bb column_margin=\u00a0\u00bbdefault\u00a0\u00bb column_direction=\u00a0\u00bbdefault\u00a0\u00bb column_direction_tablet=\u00a0\u00bbdefault\u00a0\u00bb column_direction_phone=\u00a0\u00bbdefault\u00a0\u00bb scene_position=\u00a0\u00bbcenter\u00a0\u00bb text_color=\u00a0\u00bbdark\u00a0\u00bb text_align=\u00a0\u00bbleft\u00a0\u00bb row_border_radius=\u00a0\u00bbnone\u00a0\u00bb row_border_radius_applies=\u00a0\u00bbbg\u00a0\u00bb overlay_strength=\u00a0\u00bb0.3&Prime; gradient_direction=\u00a0\u00bbleft_to_right\u00a0\u00bb shape_divider_position=\u00a0\u00bbbottom\u00a0\u00bb bg_image_animation=\u00a0\u00bbnone\u00a0\u00bb][vc_column column_padding=\u00a0\u00bbno-extra-padding\u00a0\u00bb column_padding_tablet=\u00a0\u00bbinherit\u00a0\u00bb column_padding_phone=\u00a0\u00bbinherit\u00a0\u00bb column_padding_position=\u00a0\u00bball\u00a0\u00bb background_color_opacity=\u00a0\u00bb1&Prime; background_hover_color_opacity=\u00a0\u00bb1&Prime; column_shadow=\u00a0\u00bbnone\u00a0\u00bb column_border_radius=\u00a0\u00bbnone\u00a0\u00bb column_link_target=\u00a0\u00bb_self\u00a0\u00bb gradient_direction=\u00a0\u00bbleft_to_right\u00a0\u00bb overlay_strength=\u00a0\u00bb0.3&Prime; width=\u00a0\u00bb1\/1&Prime; tablet_width_inherit=\u00a0\u00bbdefault\u00a0\u00bb tablet_text_alignment=\u00a0\u00bbdefault\u00a0\u00bb phone_text_alignment=\u00a0\u00bbdefault\u00a0\u00bb column_border_width=\u00a0\u00bbnone\u00a0\u00bb column_border_style=\u00a0\u00bbsolid\u00a0\u00bb bg_image_animation=\u00a0\u00bbnone\u00a0\u00bb][vc_column_text]Suivez-nous sur les m\u00e9dias sociaux pour rester au courant de tout ce qui concerne Lymphome Canada !<\/p>\n<p style=\"margin: 0in; font-family: Calibri; font-size: 11.0pt;\"><a href=\"https:\/\/www.instagram.com\/lymphomacanada\/\"><span lang=\"en-US\"><i class=\"icon-3x fa fa-camera-retro accent-color\"><i class=\"circle-border\"><\/i><\/i><\/span><\/a> <a href=\"https:\/\/twitter.com\/LymphomaCanada\"><span lang=\"en-CA\"><i class=\"icon-3x fa fa-twitter-square accent-color\"><i class=\"circle-border\"><\/i><\/i><\/span><\/a><a href=\"https:\/\/www.facebook.com\/LymphomaCanada\/\"><span lang=\"en-CA\"><i class=\"icon-3x fa fa-facebook-square accent-color\"><i class=\"circle-border\"><\/i><\/i> <\/span><\/a><a href=\"https:\/\/www.linkedin.com\/company\/lymphoma-canada\/\"><span lang=\"en-US\"><i class=\"icon-3x fa fa-linkedin accent-color\"><i class=\"circle-border\"><\/i><\/i><\/span><\/a><\/p>\n[\/vc_column_text][\/vc_column][\/vc_row][vc_row type=\u00a0\u00bbin_container\u00a0\u00bb full_screen_row_position=\u00a0\u00bbmiddle\u00a0\u00bb column_margin=\u00a0\u00bbdefault\u00a0\u00bb column_direction=\u00a0\u00bbdefault\u00a0\u00bb column_direction_tablet=\u00a0\u00bbdefault\u00a0\u00bb column_direction_phone=\u00a0\u00bbdefault\u00a0\u00bb scene_position=\u00a0\u00bbcenter\u00a0\u00bb text_color=\u00a0\u00bbdark\u00a0\u00bb text_align=\u00a0\u00bbleft\u00a0\u00bb row_border_radius=\u00a0\u00bbnone\u00a0\u00bb row_border_radius_applies=\u00a0\u00bbbg\u00a0\u00bb overlay_strength=\u00a0\u00bb0.3&Prime; gradient_direction=\u00a0\u00bbleft_to_right\u00a0\u00bb shape_divider_position=\u00a0\u00bbbottom\u00a0\u00bb bg_image_animation=\u00a0\u00bbnone\u00a0\u00bb][vc_column column_padding=\u00a0\u00bbno-extra-padding\u00a0\u00bb column_padding_tablet=\u00a0\u00bbinherit\u00a0\u00bb column_padding_phone=\u00a0\u00bbinherit\u00a0\u00bb column_padding_position=\u00a0\u00bball\u00a0\u00bb background_color_opacity=\u00a0\u00bb1&Prime; background_hover_color_opacity=\u00a0\u00bb1&Prime; column_shadow=\u00a0\u00bbnone\u00a0\u00bb column_border_radius=\u00a0\u00bbnone\u00a0\u00bb column_link_target=\u00a0\u00bb_self\u00a0\u00bb gradient_direction=\u00a0\u00bbleft_to_right\u00a0\u00bb overlay_strength=\u00a0\u00bb0.3&Prime; width=\u00a0\u00bb1\/1&Prime; tablet_width_inherit=\u00a0\u00bbdefault\u00a0\u00bb tablet_text_alignment=\u00a0\u00bbdefault\u00a0\u00bb phone_text_alignment=\u00a0\u00bbdefault\u00a0\u00bb column_border_width=\u00a0\u00bbnone\u00a0\u00bb column_border_style=\u00a0\u00bbsolid\u00a0\u00bb bg_image_animation=\u00a0\u00bbnone\u00a0\u00bb][vc_column_text]\n<h2>Merci \u00e0 nos g\u00e9n\u00e9reux sponsors :<\/h2>\n[\/vc_column_text][\/vc_column][\/vc_row][vc_row type=\u00a0\u00bbin_container\u00a0\u00bb full_screen_row_position=\u00a0\u00bbmiddle\u00a0\u00bb column_margin=\u00a0\u00bbdefault\u00a0\u00bb column_direction=\u00a0\u00bbdefault\u00a0\u00bb column_direction_tablet=\u00a0\u00bbdefault\u00a0\u00bb column_direction_phone=\u00a0\u00bbdefault\u00a0\u00bb scene_position=\u00a0\u00bbcenter\u00a0\u00bb text_color=\u00a0\u00bbdark\u00a0\u00bb text_align=\u00a0\u00bbleft\u00a0\u00bb row_border_radius=\u00a0\u00bbnone\u00a0\u00bb row_border_radius_applies=\u00a0\u00bbbg\u00a0\u00bb overlay_strength=\u00a0\u00bb0.3&Prime; gradient_direction=\u00a0\u00bbleft_to_right\u00a0\u00bb shape_divider_position=\u00a0\u00bbbottom\u00a0\u00bb bg_image_animation=\u00a0\u00bbnone\u00a0\u00bb][vc_column column_padding=\u00a0\u00bbno-extra-padding\u00a0\u00bb column_padding_tablet=\u00a0\u00bbinherit\u00a0\u00bb column_padding_phone=\u00a0\u00bbinherit\u00a0\u00bb column_padding_position=\u00a0\u00bball\u00a0\u00bb background_color_opacity=\u00a0\u00bb1&Prime; background_hover_color_opacity=\u00a0\u00bb1&Prime; column_shadow=\u00a0\u00bbnone\u00a0\u00bb column_border_radius=\u00a0\u00bbnone\u00a0\u00bb column_link_target=\u00a0\u00bb_self\u00a0\u00bb gradient_direction=\u00a0\u00bbleft_to_right\u00a0\u00bb overlay_strength=\u00a0\u00bb0.3&Prime; width=\u00a0\u00bb1\/1&Prime; tablet_width_inherit=\u00a0\u00bbdefault\u00a0\u00bb tablet_text_alignment=\u00a0\u00bbdefault\u00a0\u00bb phone_text_alignment=\u00a0\u00bbdefault\u00a0\u00bb column_border_width=\u00a0\u00bbnone\u00a0\u00bb column_border_style=\u00a0\u00bbsolid\u00a0\u00bb bg_image_animation=\u00a0\u00bbnone\u00a0\u00bb][image_with_animation image_url=\u00a0\u00bb15089&Prime; animation=\u00a0\u00bbFade In\u00a0\u00bb hover_animation=\u00a0\u00bbnone\u00a0\u00bb alignment=\u00a0\u00bb\u00a0\u00bb border_radius=\u00a0\u00bbnone\u00a0\u00bb box_shadow=\u00a0\u00bbnone\u00a0\u00bb image_loading=\u00a0\u00bbdefault\u00a0\u00bb max_width=\u00a0\u00bb100%\u00a0\u00bb max_width_mobile=\u00a0\u00bbdefault\u00a0\u00bb][\/vc_column][\/vc_row]\n","protected":false},"excerpt":{"rendered":"<p>[vc_row type=\u00a0\u00bbin_container\u00a0\u00bb full_screen_row_position=\u00a0\u00bbmiddle\u00a0\u00bb column_margin=\u00a0\u00bbdefault\u00a0\u00bb column_direction=\u00a0\u00bbdefault\u00a0\u00bb column_direction_tablet=\u00a0\u00bbdefault\u00a0\u00bb column_direction_phone=\u00a0\u00bbdefault\u00a0\u00bb scene_position=\u00a0\u00bbcenter\u00a0\u00bb text_color=\u00a0\u00bbdark\u00a0\u00bb text_align=\u00a0\u00bbleft\u00a0\u00bb row_border_radius=\u00a0\u00bbnone\u00a0\u00bb row_border_radius_applies=\u00a0\u00bbbg\u00a0\u00bb overlay_strength=\u00a0\u00bb0.3&Prime; gradient_direction=\u00a0\u00bbleft_to_right\u00a0\u00bb shape_divider_position=\u00a0\u00bbbottom\u00a0\u00bb bg_image_animation=\u00a0\u00bbnone\u00a0\u00bb][vc_column column_padding=\u00a0\u00bbno-extra-padding\u00a0\u00bb column_padding_tablet=\u00a0\u00bbinherit\u00a0\u00bb column_padding_phone=\u00a0\u00bbinherit\u00a0\u00bb column_padding_position=\u00a0\u00bball\u00a0\u00bb background_color_opacity=\u00a0\u00bb1&Prime; background_hover_color_opacity=\u00a0\u00bb1&Prime; column_shadow=\u00a0\u00bbnone\u00a0\u00bb column_border_radius=\u00a0\u00bbnone\u00a0\u00bb column_link_target=\u00a0\u00bb_self\u00a0\u00bb gradient_direction=\u00a0\u00bbleft_to_right\u00a0\u00bb overlay_strength=\u00a0\u00bb0.3&Prime; width=\u00a0\u00bb1\/1&Prime; tablet_width_inherit=\u00a0\u00bbdefault\u00a0\u00bb tablet_text_alignment=\u00a0\u00bbdefault\u00a0\u00bb&#8230;<\/p>\n","protected":false},"author":6,"featured_media":15139,"parent":6110,"menu_order":9,"comment_status":"closed","ping_status":"closed","template":"","meta":{"_acf_changed":false,"footnotes":""},"categories":[],"tags":[],"class_list":["post-15097","page","type-page","status-publish","has-post-thumbnail"],"acf":[],"yoast_head":"<!-- This site is optimized with the Yoast SEO plugin v26.7 - https:\/\/yoast.com\/wordpress\/plugins\/seo\/ -->\n<title>2023 Francophone Conference on Lymphoma and CLL for Patients - Lymphoma Canada<\/title>\n<meta name=\"description\" content=\"Lymphome Canada est heureux de pouvoir organiser sa 3e conf\u00e9rence nationale du Qu\u00e9bec \u00e0 l\u2019intention des patients. Cet \u00e9v\u00e9nement \u00e9ducatif, qui est gratuit, se d\u00e9roulera virtuellement et comprendra des pr\u00e9sentations donn\u00e9es par des universitaires et des sp\u00e9cialistes chevronn\u00e9s de tout le Canada.\" \/>\n<meta name=\"robots\" content=\"index, follow, max-snippet:-1, max-image-preview:large, max-video-preview:-1\" \/>\n<link rel=\"canonical\" href=\"https:\/\/www.lymphoma.ca\/fr\/nouvelles-et-evenements\/2023-conference-francophone-sur-le-lymphome-et-la-llc-a-lintention-des-patients\/\" \/>\n<meta property=\"og:locale\" content=\"fr_FR\" \/>\n<meta property=\"og:type\" content=\"article\" \/>\n<meta property=\"og:title\" content=\"2023 Francophone Conference on Lymphoma and CLL for Patients - Lymphoma Canada\" \/>\n<meta property=\"og:description\" content=\"Lymphome Canada est heureux de pouvoir organiser sa 3e conf\u00e9rence nationale du Qu\u00e9bec \u00e0 l\u2019intention des patients. Cet \u00e9v\u00e9nement \u00e9ducatif, qui est gratuit, se d\u00e9roulera virtuellement et comprendra des pr\u00e9sentations donn\u00e9es par des universitaires et des sp\u00e9cialistes chevronn\u00e9s de tout le Canada.\" \/>\n<meta property=\"og:url\" content=\"https:\/\/www.lymphoma.ca\/fr\/nouvelles-et-evenements\/2023-conference-francophone-sur-le-lymphome-et-la-llc-a-lintention-des-patients\/\" \/>\n<meta property=\"og:site_name\" content=\"Lymphoma Canada\" \/>\n<meta property=\"article:publisher\" content=\"https:\/\/www.facebook.com\/LymphomaCanada\" \/>\n<meta property=\"article:modified_time\" content=\"2023-11-16T19:36:47+00:00\" \/>\n<meta property=\"og:image\" content=\"https:\/\/www.lymphoma.ca\/wp-content\/uploads\/2023\/10\/FRFeaturedImageQCConference.png\" \/>\n\t<meta property=\"og:image:width\" content=\"619\" \/>\n\t<meta property=\"og:image:height\" content=\"322\" \/>\n\t<meta property=\"og:image:type\" content=\"image\/png\" \/>\n<meta name=\"twitter:card\" content=\"summary_large_image\" \/>\n<meta name=\"twitter:site\" content=\"@lymphomacanada\" \/>\n<meta name=\"twitter:label1\" content=\"Dur\u00e9e de lecture estim\u00e9e\" \/>\n\t<meta name=\"twitter:data1\" content=\"4 minutes\" \/>\n<script type=\"application\/ld+json\" class=\"yoast-schema-graph\">{\"@context\":\"https:\/\/schema.org\",\"@graph\":[{\"@type\":\"WebPage\",\"@id\":\"https:\/\/www.lymphoma.ca\/fr\/nouvelles-et-evenements\/2023-conference-francophone-sur-le-lymphome-et-la-llc-a-lintention-des-patients\/\",\"url\":\"https:\/\/www.lymphoma.ca\/fr\/nouvelles-et-evenements\/2023-conference-francophone-sur-le-lymphome-et-la-llc-a-lintention-des-patients\/\",\"name\":\"2023 Francophone Conference on Lymphoma and CLL for Patients - Lymphoma Canada\",\"isPartOf\":{\"@id\":\"https:\/\/www.lymphoma.ca\/fr\/#website\"},\"primaryImageOfPage\":{\"@id\":\"https:\/\/www.lymphoma.ca\/fr\/nouvelles-et-evenements\/2023-conference-francophone-sur-le-lymphome-et-la-llc-a-lintention-des-patients\/#primaryimage\"},\"image\":{\"@id\":\"https:\/\/www.lymphoma.ca\/fr\/nouvelles-et-evenements\/2023-conference-francophone-sur-le-lymphome-et-la-llc-a-lintention-des-patients\/#primaryimage\"},\"thumbnailUrl\":\"https:\/\/www.lymphoma.ca\/wp-content\/uploads\/2023\/10\/FRFeaturedImageQCConference.png\",\"datePublished\":\"2023-09-28T15:03:58+00:00\",\"dateModified\":\"2023-11-16T19:36:47+00:00\",\"description\":\"Lymphome Canada est heureux de pouvoir organiser sa 3e conf\u00e9rence nationale du Qu\u00e9bec \u00e0 l\u2019intention des patients. Cet \u00e9v\u00e9nement \u00e9ducatif, qui est gratuit, se d\u00e9roulera virtuellement et comprendra des pr\u00e9sentations donn\u00e9es par des universitaires et des sp\u00e9cialistes chevronn\u00e9s de tout le Canada.\",\"breadcrumb\":{\"@id\":\"https:\/\/www.lymphoma.ca\/fr\/nouvelles-et-evenements\/2023-conference-francophone-sur-le-lymphome-et-la-llc-a-lintention-des-patients\/#breadcrumb\"},\"inLanguage\":\"fr-FR\",\"potentialAction\":[{\"@type\":\"ReadAction\",\"target\":[\"https:\/\/www.lymphoma.ca\/fr\/nouvelles-et-evenements\/2023-conference-francophone-sur-le-lymphome-et-la-llc-a-lintention-des-patients\/\"]}]},{\"@type\":\"ImageObject\",\"inLanguage\":\"fr-FR\",\"@id\":\"https:\/\/www.lymphoma.ca\/fr\/nouvelles-et-evenements\/2023-conference-francophone-sur-le-lymphome-et-la-llc-a-lintention-des-patients\/#primaryimage\",\"url\":\"https:\/\/www.lymphoma.ca\/wp-content\/uploads\/2023\/10\/FRFeaturedImageQCConference.png\",\"contentUrl\":\"https:\/\/www.lymphoma.ca\/wp-content\/uploads\/2023\/10\/FRFeaturedImageQCConference.png\",\"width\":619,\"height\":322},{\"@type\":\"BreadcrumbList\",\"@id\":\"https:\/\/www.lymphoma.ca\/fr\/nouvelles-et-evenements\/2023-conference-francophone-sur-le-lymphome-et-la-llc-a-lintention-des-patients\/#breadcrumb\",\"itemListElement\":[{\"@type\":\"ListItem\",\"position\":1,\"name\":\"Home\",\"item\":\"https:\/\/www.lymphoma.ca\/fr\/\"},{\"@type\":\"ListItem\",\"position\":2,\"name\":\"Nouvelles et \u00e9v\u00e9nements\",\"item\":\"https:\/\/www.lymphoma.ca\/fr\/nouvelles-et-evenements\/\"},{\"@type\":\"ListItem\",\"position\":3,\"name\":\"2023 Francophone Conference on Lymphoma and CLL for Patients\"}]},{\"@type\":\"WebSite\",\"@id\":\"https:\/\/www.lymphoma.ca\/fr\/#website\",\"url\":\"https:\/\/www.lymphoma.ca\/fr\/\",\"name\":\"Lymphoma Canada\",\"description\":\"Information. Help. Hope.\",\"publisher\":{\"@id\":\"https:\/\/www.lymphoma.ca\/fr\/#organization\"},\"potentialAction\":[{\"@type\":\"SearchAction\",\"target\":{\"@type\":\"EntryPoint\",\"urlTemplate\":\"https:\/\/www.lymphoma.ca\/fr\/?s={search_term_string}\"},\"query-input\":{\"@type\":\"PropertyValueSpecification\",\"valueRequired\":true,\"valueName\":\"search_term_string\"}}],\"inLanguage\":\"fr-FR\"},{\"@type\":\"Organization\",\"@id\":\"https:\/\/www.lymphoma.ca\/fr\/#organization\",\"name\":\"Lymphoma Canada\",\"url\":\"https:\/\/www.lymphoma.ca\/fr\/\",\"logo\":{\"@type\":\"ImageObject\",\"inLanguage\":\"fr-FR\",\"@id\":\"https:\/\/www.lymphoma.ca\/fr\/#\/schema\/logo\/image\/\",\"url\":\"https:\/\/www.lymphoma.ca\/wp-content\/uploads\/2023\/05\/logo-lymphoma.jpg\",\"contentUrl\":\"https:\/\/www.lymphoma.ca\/wp-content\/uploads\/2023\/05\/logo-lymphoma.jpg\",\"width\":343,\"height\":343,\"caption\":\"Lymphoma Canada\"},\"image\":{\"@id\":\"https:\/\/www.lymphoma.ca\/fr\/#\/schema\/logo\/image\/\"},\"sameAs\":[\"https:\/\/www.facebook.com\/LymphomaCanada\",\"https:\/\/x.com\/lymphomacanada\",\"https:\/\/www.linkedin.com\/company\/lymphoma-canada\/\",\"http:\/\/instagram.com\/lymphomacanada\",\"http:\/\/www.youtube.com\/user\/LymphomaTV\"]}]}<\/script>\n<!-- \/ Yoast SEO plugin. -->","yoast_head_json":{"title":"2023 Francophone Conference on Lymphoma and CLL for Patients - Lymphoma Canada","description":"Lymphome Canada est heureux de pouvoir organiser sa 3e conf\u00e9rence nationale du Qu\u00e9bec \u00e0 l\u2019intention des patients. Cet \u00e9v\u00e9nement \u00e9ducatif, qui est gratuit, se d\u00e9roulera virtuellement et comprendra des pr\u00e9sentations donn\u00e9es par des universitaires et des sp\u00e9cialistes chevronn\u00e9s de tout le Canada.","robots":{"index":"index","follow":"follow","max-snippet":"max-snippet:-1","max-image-preview":"max-image-preview:large","max-video-preview":"max-video-preview:-1"},"canonical":"https:\/\/www.lymphoma.ca\/fr\/nouvelles-et-evenements\/2023-conference-francophone-sur-le-lymphome-et-la-llc-a-lintention-des-patients\/","og_locale":"fr_FR","og_type":"article","og_title":"2023 Francophone Conference on Lymphoma and CLL for Patients - Lymphoma Canada","og_description":"Lymphome Canada est heureux de pouvoir organiser sa 3e conf\u00e9rence nationale du Qu\u00e9bec \u00e0 l\u2019intention des patients. Cet \u00e9v\u00e9nement \u00e9ducatif, qui est gratuit, se d\u00e9roulera virtuellement et comprendra des pr\u00e9sentations donn\u00e9es par des universitaires et des sp\u00e9cialistes chevronn\u00e9s de tout le Canada.","og_url":"https:\/\/www.lymphoma.ca\/fr\/nouvelles-et-evenements\/2023-conference-francophone-sur-le-lymphome-et-la-llc-a-lintention-des-patients\/","og_site_name":"Lymphoma Canada","article_publisher":"https:\/\/www.facebook.com\/LymphomaCanada","article_modified_time":"2023-11-16T19:36:47+00:00","og_image":[{"width":619,"height":322,"url":"https:\/\/www.lymphoma.ca\/wp-content\/uploads\/2023\/10\/FRFeaturedImageQCConference.png","type":"image\/png"}],"twitter_card":"summary_large_image","twitter_site":"@lymphomacanada","twitter_misc":{"Dur\u00e9e de lecture estim\u00e9e":"4 minutes"},"schema":{"@context":"https:\/\/schema.org","@graph":[{"@type":"WebPage","@id":"https:\/\/www.lymphoma.ca\/fr\/nouvelles-et-evenements\/2023-conference-francophone-sur-le-lymphome-et-la-llc-a-lintention-des-patients\/","url":"https:\/\/www.lymphoma.ca\/fr\/nouvelles-et-evenements\/2023-conference-francophone-sur-le-lymphome-et-la-llc-a-lintention-des-patients\/","name":"2023 Francophone Conference on Lymphoma and CLL for Patients - Lymphoma Canada","isPartOf":{"@id":"https:\/\/www.lymphoma.ca\/fr\/#website"},"primaryImageOfPage":{"@id":"https:\/\/www.lymphoma.ca\/fr\/nouvelles-et-evenements\/2023-conference-francophone-sur-le-lymphome-et-la-llc-a-lintention-des-patients\/#primaryimage"},"image":{"@id":"https:\/\/www.lymphoma.ca\/fr\/nouvelles-et-evenements\/2023-conference-francophone-sur-le-lymphome-et-la-llc-a-lintention-des-patients\/#primaryimage"},"thumbnailUrl":"https:\/\/www.lymphoma.ca\/wp-content\/uploads\/2023\/10\/FRFeaturedImageQCConference.png","datePublished":"2023-09-28T15:03:58+00:00","dateModified":"2023-11-16T19:36:47+00:00","description":"Lymphome Canada est heureux de pouvoir organiser sa 3e conf\u00e9rence nationale du Qu\u00e9bec \u00e0 l\u2019intention des patients. Cet \u00e9v\u00e9nement \u00e9ducatif, qui est gratuit, se d\u00e9roulera virtuellement et comprendra des pr\u00e9sentations donn\u00e9es par des universitaires et des sp\u00e9cialistes chevronn\u00e9s de tout le Canada.","breadcrumb":{"@id":"https:\/\/www.lymphoma.ca\/fr\/nouvelles-et-evenements\/2023-conference-francophone-sur-le-lymphome-et-la-llc-a-lintention-des-patients\/#breadcrumb"},"inLanguage":"fr-FR","potentialAction":[{"@type":"ReadAction","target":["https:\/\/www.lymphoma.ca\/fr\/nouvelles-et-evenements\/2023-conference-francophone-sur-le-lymphome-et-la-llc-a-lintention-des-patients\/"]}]},{"@type":"ImageObject","inLanguage":"fr-FR","@id":"https:\/\/www.lymphoma.ca\/fr\/nouvelles-et-evenements\/2023-conference-francophone-sur-le-lymphome-et-la-llc-a-lintention-des-patients\/#primaryimage","url":"https:\/\/www.lymphoma.ca\/wp-content\/uploads\/2023\/10\/FRFeaturedImageQCConference.png","contentUrl":"https:\/\/www.lymphoma.ca\/wp-content\/uploads\/2023\/10\/FRFeaturedImageQCConference.png","width":619,"height":322},{"@type":"BreadcrumbList","@id":"https:\/\/www.lymphoma.ca\/fr\/nouvelles-et-evenements\/2023-conference-francophone-sur-le-lymphome-et-la-llc-a-lintention-des-patients\/#breadcrumb","itemListElement":[{"@type":"ListItem","position":1,"name":"Home","item":"https:\/\/www.lymphoma.ca\/fr\/"},{"@type":"ListItem","position":2,"name":"Nouvelles et \u00e9v\u00e9nements","item":"https:\/\/www.lymphoma.ca\/fr\/nouvelles-et-evenements\/"},{"@type":"ListItem","position":3,"name":"2023 Francophone Conference on Lymphoma and CLL for Patients"}]},{"@type":"WebSite","@id":"https:\/\/www.lymphoma.ca\/fr\/#website","url":"https:\/\/www.lymphoma.ca\/fr\/","name":"Lymphoma Canada","description":"Information. Help. Hope.","publisher":{"@id":"https:\/\/www.lymphoma.ca\/fr\/#organization"},"potentialAction":[{"@type":"SearchAction","target":{"@type":"EntryPoint","urlTemplate":"https:\/\/www.lymphoma.ca\/fr\/?s={search_term_string}"},"query-input":{"@type":"PropertyValueSpecification","valueRequired":true,"valueName":"search_term_string"}}],"inLanguage":"fr-FR"},{"@type":"Organization","@id":"https:\/\/www.lymphoma.ca\/fr\/#organization","name":"Lymphoma Canada","url":"https:\/\/www.lymphoma.ca\/fr\/","logo":{"@type":"ImageObject","inLanguage":"fr-FR","@id":"https:\/\/www.lymphoma.ca\/fr\/#\/schema\/logo\/image\/","url":"https:\/\/www.lymphoma.ca\/wp-content\/uploads\/2023\/05\/logo-lymphoma.jpg","contentUrl":"https:\/\/www.lymphoma.ca\/wp-content\/uploads\/2023\/05\/logo-lymphoma.jpg","width":343,"height":343,"caption":"Lymphoma Canada"},"image":{"@id":"https:\/\/www.lymphoma.ca\/fr\/#\/schema\/logo\/image\/"},"sameAs":["https:\/\/www.facebook.com\/LymphomaCanada","https:\/\/x.com\/lymphomacanada","https:\/\/www.linkedin.com\/company\/lymphoma-canada\/","http:\/\/instagram.com\/lymphomacanada","http:\/\/www.youtube.com\/user\/LymphomaTV"]}]}},"_links":{"self":[{"href":"https:\/\/www.lymphoma.ca\/fr\/wp-json\/wp\/v2\/pages\/15097","targetHints":{"allow":["GET"]}}],"collection":[{"href":"https:\/\/www.lymphoma.ca\/fr\/wp-json\/wp\/v2\/pages"}],"about":[{"href":"https:\/\/www.lymphoma.ca\/fr\/wp-json\/wp\/v2\/types\/page"}],"author":[{"embeddable":true,"href":"https:\/\/www.lymphoma.ca\/fr\/wp-json\/wp\/v2\/users\/6"}],"replies":[{"embeddable":true,"href":"https:\/\/www.lymphoma.ca\/fr\/wp-json\/wp\/v2\/comments?post=15097"}],"version-history":[{"count":12,"href":"https:\/\/www.lymphoma.ca\/fr\/wp-json\/wp\/v2\/pages\/15097\/revisions"}],"predecessor-version":[{"id":15710,"href":"https:\/\/www.lymphoma.ca\/fr\/wp-json\/wp\/v2\/pages\/15097\/revisions\/15710"}],"up":[{"embeddable":true,"href":"https:\/\/www.lymphoma.ca\/fr\/wp-json\/wp\/v2\/pages\/6110"}],"wp:featuredmedia":[{"embeddable":true,"href":"https:\/\/www.lymphoma.ca\/fr\/wp-json\/wp\/v2\/media\/15139"}],"wp:attachment":[{"href":"https:\/\/www.lymphoma.ca\/fr\/wp-json\/wp\/v2\/media?parent=15097"}],"wp:term":[{"taxonomy":"category","embeddable":true,"href":"https:\/\/www.lymphoma.ca\/fr\/wp-json\/wp\/v2\/categories?post=15097"},{"taxonomy":"post_tag","embeddable":true,"href":"https:\/\/www.lymphoma.ca\/fr\/wp-json\/wp\/v2\/tags?post=15097"}],"curies":[{"name":"wp","href":"https:\/\/api.w.org\/{rel}","templated":true}]}}