{"id":650,"date":"2016-05-12T19:26:19","date_gmt":"2016-05-12T19:26:19","guid":{"rendered":"https:\/\/www.lymphoma.ca\/?page_id=650"},"modified":"2016-05-12T19:26:19","modified_gmt":"2016-05-12T19:26:19","slug":"foire-aux-questions","status":"publish","type":"page","link":"https:\/\/www.lymphoma.ca\/fr\/foire-aux-questions\/","title":{"rendered":"Foire aux questions"},"content":{"rendered":"<div id=\"accordion-1\" class=\"accordion\">\n<div class=\"accordion-group\">\n<div class=\"accordion-heading\"><a class=\"accordion-toggle\" href=\"#collapse-1\" data-parent=\"#accordion-1\" data-toggle=\"collapse\"><strong>Je n\u2019ai jamais fait de yoga. Puis-je quand m\u00eame participer?<\/strong><\/a><\/div>\n<div id=\"collapse-1\" class=\"accordion-body collapse in\">\n<div class=\"accordion-inner\">\n<p>Bien que nous ne recommandions pas tous \u00e0 vos tapis comme s\u00e9ance d\u2019introduction au yoga, vous disposez de plusieurs mois pour vous entra\u00eener et pour vous pr\u00e9parer \u00e0 ce d\u00e9fi du mieux-\u00eatre. Nos professeurs de yoga s\u2019assureront de proposer des modifications de postures afin d\u2019accommoder les diff\u00e9rents niveaux d\u2019exp\u00e9rience.<\/p>\n<p>De plus, nous vous recommandons de participer \u00e0 l\u2019atelier de m\u00e9ditation. Cet atelier s\u2019adresse \u00e0 quiconque souhaite apprendre des techniques permettant de calmer l\u2019esprit, d\u2019am\u00e9liorer la concentration et de rehausser les plaisirs de la vie quotidienne et son propre \u00e9panouissement.<\/p>\n<\/div>\n<\/div>\n<\/div>\n<div class=\"accordion-group\">\n<div class=\"accordion-heading\"><a class=\"accordion-toggle\" href=\"#collapse-2\" data-parent=\"#accordion-1\" data-toggle=\"collapse\"><strong>Je n\u2019ai jamais fait de m\u00e9ditation auparavant. Puis-je participer \u00e0 cet atelier?<\/strong><\/a><\/div>\n<div id=\"collapse-2\" class=\"accordion-body collapse\">\n<div class=\"accordion-inner\">Certainement! Cet atelier s\u2019adresse aux participants de tous niveaux. Aucune exp\u00e9rience pr\u00e9alable n\u2019est requise.<\/div>\n<\/div>\n<\/div>\n<div class=\"accordion-group\">\n<div class=\"accordion-heading\"><a class=\"accordion-toggle\" href=\"#collapse-99\" data-parent=\"#accordion-1\" data-toggle=\"collapse\"><strong>Que dois-je apporter lors de l\u2019\u00e9v\u00e9nement?<\/strong><\/a><\/div>\n<div id=\"collapse-99\" class=\"accordion-body collapse\">\n<div class=\"accordion-inner\">Portez des v\u00eatements adapt\u00e9s pour le yoga. Vous devrez conserver vos articles personnels avec vous tout au long de la journ\u00e9e. Les repas &#8211; d\u00e9jeuner, lunch et collations &#8211; sont compris. De l\u2019eau vous sera aussi fournie. Un tapis de yoga tout neuf vous attendra; il est \u00e0 vous, emportez-le \u00e0 la maison \u00e0 la fin de la journ\u00e9e.<\/div>\n<\/div>\n<\/div>\n<div class=\"accordion-group\">\n<div class=\"accordion-heading\"><a class=\"accordion-toggle\" href=\"#collapse-3\" data-parent=\"#accordion-1\" data-toggle=\"collapse\"><strong>Comment dois-je m\u2019habiller?<\/strong><\/a><\/div>\n<div id=\"collapse-3\" class=\"accordion-body collapse\">\n<div class=\"accordion-inner\">Portez vos v\u00eatements de yoga ou de m\u00e9ditation habituels. Ils doivent \u00eatre confortables et extensibles.<\/div>\n<\/div>\n<\/div>\n<div class=\"accordion-group\">\n<div class=\"accordion-heading\"><a class=\"accordion-toggle\" href=\"#collapse-4\" data-parent=\"#accordion-1\" data-toggle=\"collapse\"><strong>Comment l\u2019argent que j\u2019aurai collect\u00e9 viendra-t-il en aide aux personnes touch\u00e9es par un lymphome?<\/strong><\/a><\/div>\n<div id=\"collapse-4\" class=\"accordion-body collapse\">\n<div class=\"accordion-inner\">\n<p>Lymphome Canada est le seul organisme canadien de bienfaisance d\u00e9di\u00e9 exclusivement \u00e0 la cause du lymphome. Lymphome Canada soutient les patients et leur famille alors qu\u2019ils traversent les \u00e9preuves li\u00e9es au cancer. Des ressources leur sont offertes sans frais dans les deux langues officielles. Les patients et leurs aidants naturels re\u00e7oivent du soutien sous les formes suivantes :<\/p>\n<ul>\n<li>des forums \u00e9ducatifs pr\u00e9sent\u00e9s par des sp\u00e9cialistes qualifi\u00e9s;<\/li>\n<li>du mat\u00e9riel \u00e9ducatif imprim\u00e9, y compris un manuel de ressources pour le patient;<\/li>\n<li>des groupes de soutien entre pairs;<\/li>\n<li>du mentorat par les pairs;<\/li>\n<li>l\u2019\u00e9tablissement de lignes directrices nationales pour les patients et les m\u00e9decins;<\/li>\n<li>la lutte pour un acc\u00e8s \u00e9quitable aux pharmacoth\u00e9rapies;<\/li>\n<li>le financement de la recherche \u00e0 l\u2019\u00e9chelle canadienne.<\/li>\n<\/ul>\n<p>Pour de plus amples renseignements, veuillez visiter www.lymphoma.ca\/fr<\/p>\n<\/div>\n<\/div>\n<\/div>\n<div class=\"accordion-group\">\n<div class=\"accordion-heading\"><a class=\"accordion-toggle\" href=\"#collapse-5\" data-parent=\"#accordion-1\" data-toggle=\"collapse\"><strong>Est-ce que je peux arriver en retard ou repartir plus t\u00f4t?<\/strong><\/a><\/div>\n<div id=\"collapse-5\" class=\"accordion-body collapse\">\n<div class=\"accordion-inner\">Oui, par contre, vous ne pourrez pas entrer dans la salle de m\u00e9ditation ou de yoga en cours de session. Nous demandons aux participants d\u2019\u00e9viter de quitter la classe de yoga \u00e0 moins de force majeure.<\/div>\n<\/div>\n<\/div>\n<div class=\"accordion-group\">\n<div class=\"accordion-heading\"><a class=\"accordion-toggle\" href=\"#collapse-6\" data-parent=\"#accordion-1\" data-toggle=\"collapse\"><strong>Que signifie le nombre 108?<\/strong><\/a><\/div>\n<div id=\"collapse-6\" class=\"accordion-body collapse\">\n<div class=\"accordion-inner\">\n<p>Selon certaines traditions orientales, 108 est un nombre sacr\u00e9 qui \u00e9voque l\u2019interconnexion entre le corps, l\u2019esprit et le l\u2019\u00e2me. Le chiffre 1 signifie l\u2019unit\u00e9, le 0 est associ\u00e9 \u00e0 \u00ab l\u2019immobilit\u00e9 \u00bb, et le 8 aux possibilit\u00e9s infinies. L\u2019\u00e9v\u00e9nement tous \u00e0 vos tapis, la r\u00e9volution du yoga et du mieux-\u00eatre fait la promotion de ces concepts :<\/p>\n<ul>\n<li>1 : ensemble nous avancerons dans notre pratique du yoga, nous calmerons<\/li>\n<li>0: dans l\u2019immobilit\u00e9, nous absorberons cet enseignement et la signification de cette journ\u00e9e afin de l\u2019int\u00e9grer \u00e0 notre recherche du mieux-\u00eatre.<\/li>\n<li>8: nous repartirons apr\u00e8s cette journ\u00e9e riche en information et en connexions, avec des possibilit\u00e9s illimit\u00e9es sur les choix favorisant un mode de vie sain.<\/li>\n<\/ul>\n<\/div>\n<\/div>\n<\/div>\n<div class=\"accordion-group\">\n<div class=\"accordion-heading\"><a class=\"accordion-toggle\" href=\"#collapse-7\" data-parent=\"#accordion-1\" data-toggle=\"collapse\"><strong>Dois-je participer \u00e0 la totalit\u00e9 de la s\u00e9ance de 108 minutes de yoga ou de m\u00e9ditation?<\/strong><\/a><\/div>\n<div id=\"collapse-7\" class=\"accordion-body collapse\">\n<div class=\"accordion-inner\">Nous encourageons tous les participants \u00e0 profiter de la s\u00e9ance de 108 minutes; vous avez particip\u00e9 au financement de cette activit\u00e9 pour relever ce d\u00e9fi. Comme dans toute pratique du yoga ou de la m\u00e9ditation, vous pouvez prendre une pause ou vous d\u00e9tendre en silence sur votre tapis, si n\u00e9cessaire.<\/div>\n<\/div>\n<\/div>\n<div class=\"accordion-group\">\n<div class=\"accordion-heading\"><a class=\"accordion-toggle\" href=\"#collapse-8\" data-parent=\"#accordion-1\" data-toggle=\"collapse\"><strong>Comment fonctionnent les r\u00e9compenses d\u2019encouragement pour la collecte? Puis-je obtenir une r\u00e9compense pour chaque \u00e9tape que j\u2019atteins?<\/strong><\/a><\/div>\n<div id=\"collapse-8\" class=\"accordion-body collapse\">\n<div class=\"accordion-inner\">Les participants recevront une r\u00e9compense lorsqu\u2019ils atteindront un palier d\u00e9termin\u00e9. Les r\u00e9compenses ne sont pas cumulatives. Vous pouvez choisir parmi toutes les r\u00e9compenses offertes pour les paliers atteints ou d\u00e9pass\u00e9s, et pour lesquelles vous \u00eates admissible.<\/div>\n<\/div>\n<\/div>\n<div class=\"accordion-group\">\n<div class=\"accordion-heading\"><a class=\"accordion-toggle\" href=\"#collapse-98\" data-parent=\"#accordion-1\" data-toggle=\"collapse\"><strong>\u00c0 quelle adresse se d\u00e9roulera l\u2019\u00e9v\u00e9nement?<\/strong><\/a><\/div>\n<div id=\"collapse-98\" class=\"accordion-body collapse\">\n<div class=\"accordion-inner\">\n<div class=\"accordion-inner\">ESPACE ORANGE \u2013 EDIFICE WILDER, 1435 Rue de Bleury, Montr\u00e9al, QC H3A 2H7<\/div>\n<\/div>\n<\/div>\n<\/div>\n<div class=\"accordion-group\">\n<div class=\"accordion-heading\"><a class=\"accordion-toggle\" href=\"#collapse-9\" data-parent=\"#accordion-1\" data-toggle=\"collapse\"><strong>Puis-je inviter un ami ou une amie?<\/strong><\/a><\/div>\n<div id=\"collapse-9\" class=\"accordion-body collapse\">\n<div class=\"accordion-inner\">Certainement. Il ou elle devra aussi s\u2019inscrire et collecter des fonds pour l\u2019\u00e9v\u00e9nement. Les places sont limit\u00e9es, et seuls ceux et celles qui se seront inscrits pourront participer.<\/div>\n<\/div>\n<\/div>\n<div class=\"accordion-group\">\n<div class=\"accordion-heading\"><a class=\"accordion-toggle\" href=\"#collapse-10\" data-parent=\"#accordion-1\" data-toggle=\"collapse\"><strong>Quels sont les frais d\u2019inscription et que comprennent-ils?<\/strong><\/a><\/div>\n<div id=\"collapse-10\" class=\"accordion-body collapse\">\n<div class=\"accordion-inner\">Les frais du forfait de base sont de 50 $ et forfait VIP est de 75 $. Ces frais couvrent votre participation ainsi qu\u2019ils ne sont pas remboursables.<\/div>\n<\/div>\n<\/div>\n<div class=\"accordion-group\">\n<div class=\"accordion-heading\"><a class=\"accordion-toggle\" href=\"#collapse-111\" data-parent=\"#accordion-1\" data-toggle=\"collapse\"><strong>Quelle est la diff\u00e9rence entre le forfait de base et le forfait VIP?<\/strong><\/a><\/div>\n<div id=\"collapse-111\" class=\"accordion-body collapse\">\n<div class=\"accordion-inner\">Le forfait de base vous donnera droit \u00e0 un petit d\u00e9jeuner sant\u00e9 complet et sain pour d\u00e9buter sur le bon pied votre journ\u00e9e inspirante. Des conf\u00e9renciers et des professeurs passionnants, une s\u00e9ance de yoga et de m\u00e9ditation de 108 minutes qui seront offerts afin d\u2019am\u00e9liorer votre qualit\u00e9 de vie. Le forfait VIP comprend tous les avantages ci-dessus, en plus un tapis de yoga gratuit et un sac-cadeau incroyable &#8211; tout cela gr\u00e2ce \u00e0 nos merveilleux commanditaires. Les VIP sont aussi [extras pour Montr\u00e9al]<\/div>\n<\/div>\n<\/div>\n<div class=\"accordion-group\">\n<div class=\"accordion-heading\"><a class=\"accordion-toggle\" href=\"#collapse-11\" data-parent=\"#accordion-1\" data-toggle=\"collapse\"><strong>Si je d\u00e9cide de ne pas me rendre \u00e0 l\u2019\u00e9v\u00e9nement, puis-je obtenir le remboursement des frais d\u2019inscription?<\/strong><\/a><\/div>\n<div id=\"collapse-11\" class=\"accordion-body collapse\">\n<div class=\"accordion-inner\">Les frais d\u2019inscription sont non remboursables.<\/div>\n<\/div>\n<\/div>\n<div class=\"accordion-group\">\n<div class=\"accordion-heading\"><a class=\"accordion-toggle\" href=\"#collapse-12\" data-parent=\"#accordion-1\" data-toggle=\"collapse\"><strong>Les donateurs qui contribuent \u00e0 ma campagne peuvent-ils obtenir un re\u00e7u pour usage fiscal?<\/strong><\/a><\/div>\n<div id=\"collapse-12\" class=\"accordion-body collapse\">\n<div class=\"accordion-inner\">Oui, ceux et celles qui versent un don de 10$ ou plus recevront un re\u00e7u officiel.<\/div>\n<\/div>\n<\/div>\n<div class=\"accordion-group\">\n<div class=\"accordion-heading\"><a class=\"accordion-toggle\" href=\"#collapse-13\" data-parent=\"#accordion-1\" data-toggle=\"collapse\"><strong>Puis-je obtenir un re\u00e7u pour usage fiscal pour les frais d\u2019inscription de 50$?<\/strong><\/a><\/div>\n<div id=\"collapse-13\" class=\"accordion-body collapse\">\n<div class=\"accordion-inner\">Des re\u00e7us pour usage fiscal ne seront pas remis \u00e9tant donn\u00e9 que le co\u00fbt de la journ\u00e9e d\u00e9passe les frais d\u2019inscription.<\/div>\n<\/div>\n<\/div>\n<div class=\"accordion-group\">\n<div class=\"accordion-heading\"><a class=\"accordion-toggle\" href=\"#collapse-15\" data-parent=\"#accordion-1\" data-toggle=\"collapse\"><strong>Des donateurs peuvent-ils contribuer \u00e0 ma campagne autrement que par Internet?<\/strong><\/a><\/div>\n<div id=\"collapse-15\" class=\"accordion-body collapse\">\n<div class=\"accordion-inner\">Oui. Veuillez indiquer aux donateurs qui souhaitent contribuer \u00e0 votre campagne \u00e0 vous en personne (et non par Internet) qu\u2019ils doivent \u00e9mettre un ch\u00e8que \u00e0 l\u2019ordre de Lymphome Canada. S\u2019ils versent un don en argent comptant, veuillez d\u00e9poser le montant et \u00e9mettre un ch\u00e8que \u00e0 l\u2019ordre de Lymphome Canada. Dans les deux cas, n\u2019oubliez pas de joindre un document qui comprend le nom complet du donateur, ses coordonn\u00e9es compl\u00e8tes qui comprennent le code postal, son num\u00e9ro de t\u00e9l\u00e9phone, de m\u00eame que le montant du don. Nous utiliserons ces renseignements pour l\u2019\u00e9mission d\u2019un re\u00e7u \u00e0 des fins d\u2019imp\u00f4ts.<\/div>\n<\/div>\n<\/div>\n<div class=\"accordion-group\">\n<div class=\"accordion-heading\"><a class=\"accordion-toggle\" href=\"#collapse-16\" data-parent=\"#accordion-1\" data-toggle=\"collapse\"><strong>Dois-je signer une d\u00e9charge de responsabilit\u00e9?<\/strong><\/a><\/div>\n<div id=\"collapse-16\" class=\"accordion-body collapse\">\n<div class=\"accordion-inner\">Oui, tous les participants doivent signer une d\u00e9charge de responsabilit\u00e9 lors de l\u2019inscription en ligne \u00e0 l\u2019\u00e9v\u00e9nement.<\/div>\n<\/div>\n<\/div>\n<div class=\"accordion-group\">\n<div class=\"accordion-heading\"><a class=\"accordion-toggle\" href=\"#collapse-17\" data-parent=\"#accordion-1\" data-toggle=\"collapse\"><strong>Si je collecte des fonds, mais ne suis pas en mesure de participer \u00e0 l\u2019\u00e9v\u00e9nement, puis-je tout de m\u00eame recevoir ma r\u00e9compense?<\/strong><\/a><\/div>\n<div id=\"collapse-17\" class=\"accordion-body collapse\">\n<div class=\"accordion-inner\">Oui.<\/div>\n<\/div>\n<\/div>\n<div class=\"accordion-group\">\n<div class=\"accordion-heading\"><a class=\"accordion-toggle\" href=\"#collapse-18\" data-parent=\"#accordion-1\" data-toggle=\"collapse\"><strong>Si je ne suis pas en mesure de participer \u00e0 l\u2019\u00e9v\u00e9nement, puis-je inviter quelqu\u2019un \u00e0 ma place?<\/strong><\/a><\/div>\n<div id=\"collapse-18\" class=\"accordion-body collapse\">\n<div class=\"accordion-inner\">Non. Seuls ceux et celles qui se sont inscrits \u00e0 l\u2019avance pourront participer.<\/div>\n<\/div>\n<\/div>\n<div class=\"accordion-group\">\n<div class=\"accordion-heading\"><a class=\"accordion-toggle\" href=\"#collapse-97\" data-parent=\"#accordion-1\" data-toggle=\"collapse\"><strong>Je ne pense pas pouvoir former une \u00e9quipe. Puis-je participer \u00e0 titre individuel?<\/strong><\/a><\/div>\n<div id=\"collapse-97\" class=\"accordion-body collapse\">\n<div class=\"accordion-inner\">Oui. Vous pouvez participer de mani\u00e8re individuelle ou vous joindre \u00e0 une \u00e9quipe.<\/div>\n<\/div>\n<\/div>\n<div class=\"accordion-group\">\n<div class=\"accordion-heading\"><a class=\"accordion-toggle\" href=\"#collapse-19\" data-parent=\"#accordion-1\" data-toggle=\"collapse\"><strong>Quels sont les avantages de former une \u00e9quipe ou de se joindre \u00e0 une \u00e9quipe existante?<\/strong><\/a><\/div>\n<div id=\"collapse-19\" class=\"accordion-body collapse\">\n<div class=\"accordion-inner\">Former une \u00e9quipe ou se joindre \u00e0 une \u00e9quipe existante peut ajouter au plaisir de participer \u00e0 l\u2019\u00e9v\u00e9nement. Les membres d\u2019une \u00e9quipe peuvent effectuer leurs collectes de fonds ensemble. Ils se motivent entre eux. Les \u00e9quipes peuvent choisir un nom d\u2019\u00e9quipe et des accessoires distinctifs la journ\u00e9e de l\u2019\u00e9v\u00e9nement. Les statistiques r\u00e9v\u00e8lent que chacun des membres d\u2019une \u00e9quipe collecte des montants 20 % plus \u00e9lev\u00e9s qu\u2019une personne seule.<\/div>\n<\/div>\n<\/div>\n<div class=\"accordion-group\">\n<div class=\"accordion-heading\"><a class=\"accordion-toggle\" href=\"#collapse-21\" data-parent=\"#accordion-1\" data-toggle=\"collapse\"><strong>Les montants amass\u00e9s par les membres d\u2019une \u00e9quipe sont-ils mis en commun?<\/strong><\/a><\/div>\n<div id=\"collapse-21\" class=\"accordion-body collapse\">\n<div class=\"accordion-inner\">Chaque membre de l\u2019\u00e9quipe amasse des fonds individuellement. Le montant total amass\u00e9 par l\u2019\u00e9quipe est ensuite divis\u00e9 entre les diff\u00e9rents membres.<\/div>\n<\/div>\n<\/div>\n<div class=\"accordion-group\">\n<div class=\"accordion-heading\"><a class=\"accordion-toggle\" href=\"#collapse-22\" data-parent=\"#accordion-1\" data-toggle=\"collapse\"><strong>Comment puis-je atteindre mon objectif de collecte?<\/strong><\/a><\/div>\n<div id=\"collapse-22\" class=\"accordion-body collapse\">\n<div class=\"accordion-inner\">Veuillez consulter l\u2019onglet sur la collecte de fonds pour acc\u00e9der aux conseils et aux id\u00e9es, qui vous aideront \u00e0 b\u00e2tir votre r\u00e9seau de donateurs, ainsi qu\u2019\u00e0 un exemple de lettre de pr\u00e9sentation.<\/div>\n<\/div>\n<\/div>\n<div class=\"accordion-group\">\n<div class=\"accordion-heading\"><a class=\"accordion-toggle\" href=\"#collapse-96\" data-parent=\"#accordion-1\" data-toggle=\"collapse\"><strong>Y a-t-il un nombre maximum de membres pour une m\u00eame \u00e9quipe?<\/strong><\/a><\/div>\n<div id=\"collapse-96\" class=\"accordion-body collapse\">\n<div class=\"accordion-inner\">Il n\u2019y a aucun nombre maximal, bien que nous sugg\u00e9rions que l\u2019\u00e9quipe soit form\u00e9e d\u2019un minimum de 5 membres.<\/div>\n<\/div>\n<\/div>\n<div class=\"accordion-group\">\n<div class=\"accordion-heading\"><a class=\"accordion-toggle\" href=\"#collapse-23\" data-parent=\"#accordion-1\" data-toggle=\"collapse\"><strong>Si je collecte plus de 5 000$, est-ce que je retourne \u00e0 la case d\u00e9part pour cumuler d\u2019autres r\u00e9compenses?<\/strong><\/a><\/div>\n<div id=\"collapse-23\" class=\"accordion-body collapse\">\n<div class=\"accordion-inner\">Nous encourageons tous les participants \u00e0 amasser autant d\u2019argent que possible pour Lymphome Canada. Chaque participant, peu importe le montant amass\u00e9, recevra une seule r\u00e9compense.<\/div>\n<\/div>\n<\/div>\n<div class=\"accordion-group\">\n<div class=\"accordion-heading\"><a class=\"accordion-toggle\" href=\"#collapse-24\" data-parent=\"#accordion-1\" data-toggle=\"collapse\"><strong>Si je suis admissible au s\u00e9jour au Canyon Ranch Lenox, puis-je d\u00e9cider du moment o\u00f9 je d\u00e9sire m\u2019y rendre?<\/strong><\/a><\/div>\n<div id=\"collapse-24\" class=\"accordion-body collapse\">\n<div class=\"accordion-inner\">Les r\u00e9servations sont effectu\u00e9es pour les dates sp\u00e9cifi\u00e9es. Nous sommes ouverts \u00e0 la possibilit\u00e9 de modifier votre billet d\u2019avion pour l\u2019aller \u00e0 une date ant\u00e9rieure ou pour le d\u00e9part \u00e0 une date ult\u00e9rieure. Les frais de vol seront couverts (jusqu\u2019\u00e0 concurrence d\u2019un certain montant); toutefois, toutes autres d\u00e9penses engag\u00e9es avant ou apr\u00e8s la fin de semaine de retraite rel\u00e8veront de votre responsabilit\u00e9. Veuillez communiquer avec nous pour de plus amples renseignements.<\/div>\n<\/div>\n<\/div>\n<\/div>\n<p>&nbsp;<\/p>\n<p>Pour toutes questions, veuillez nous \u00e9crire \u00e0 info@tousavostapis.ca.<\/p>\n","protected":false},"excerpt":{"rendered":"<p>Je n\u2019ai jamais fait de yoga. Puis-je quand m\u00eame participer? Bien que nous ne recommandions pas tous \u00e0 vos tapis comme s\u00e9ance d\u2019introduction au yoga, vous disposez de plusieurs mois&#8230;<\/p>\n","protected":false},"author":6,"featured_media":0,"parent":0,"menu_order":90,"comment_status":"closed","ping_status":"closed","template":"","meta":{"_acf_changed":false,"footnotes":""},"categories":[],"tags":[],"class_list":["post-650","page","type-page","status-publish"],"acf":[],"yoast_head":"<!-- This site is optimized with the Yoast SEO plugin v26.7 - https:\/\/yoast.com\/wordpress\/plugins\/seo\/ -->\n<title>Foire aux questions - Lymphoma Canada<\/title>\n<meta name=\"robots\" content=\"index, follow, max-snippet:-1, max-image-preview:large, max-video-preview:-1\" \/>\n<link rel=\"canonical\" href=\"https:\/\/www.lymphoma.ca\/fr\/foire-aux-questions\/\" \/>\n<meta property=\"og:locale\" content=\"fr_FR\" \/>\n<meta property=\"og:type\" content=\"article\" \/>\n<meta property=\"og:title\" content=\"Foire aux questions - Lymphoma Canada\" \/>\n<meta property=\"og:description\" content=\"Je n\u2019ai jamais fait de yoga. Puis-je quand m\u00eame participer? Bien que nous ne recommandions pas tous \u00e0 vos tapis comme s\u00e9ance d\u2019introduction au yoga, vous disposez de plusieurs mois...\" \/>\n<meta property=\"og:url\" content=\"https:\/\/www.lymphoma.ca\/fr\/foire-aux-questions\/\" \/>\n<meta property=\"og:site_name\" content=\"Lymphoma Canada\" \/>\n<meta property=\"article:publisher\" content=\"https:\/\/www.facebook.com\/LymphomaCanada\" \/>\n<meta name=\"twitter:card\" content=\"summary_large_image\" \/>\n<meta name=\"twitter:site\" content=\"@lymphomacanada\" \/>\n<meta name=\"twitter:label1\" content=\"Dur\u00e9e de lecture estim\u00e9e\" \/>\n\t<meta name=\"twitter:data1\" content=\"8 minutes\" \/>\n<script type=\"application\/ld+json\" class=\"yoast-schema-graph\">{\"@context\":\"https:\/\/schema.org\",\"@graph\":[{\"@type\":\"WebPage\",\"@id\":\"https:\/\/www.lymphoma.ca\/fr\/foire-aux-questions\/\",\"url\":\"https:\/\/www.lymphoma.ca\/fr\/foire-aux-questions\/\",\"name\":\"Foire aux questions - Lymphoma Canada\",\"isPartOf\":{\"@id\":\"https:\/\/www.lymphoma.ca\/fr\/#website\"},\"datePublished\":\"2016-05-12T19:26:19+00:00\",\"breadcrumb\":{\"@id\":\"https:\/\/www.lymphoma.ca\/fr\/foire-aux-questions\/#breadcrumb\"},\"inLanguage\":\"fr-FR\",\"potentialAction\":[{\"@type\":\"ReadAction\",\"target\":[\"https:\/\/www.lymphoma.ca\/fr\/foire-aux-questions\/\"]}]},{\"@type\":\"BreadcrumbList\",\"@id\":\"https:\/\/www.lymphoma.ca\/fr\/foire-aux-questions\/#breadcrumb\",\"itemListElement\":[{\"@type\":\"ListItem\",\"position\":1,\"name\":\"Home\",\"item\":\"https:\/\/www.lymphoma.ca\/fr\/\"},{\"@type\":\"ListItem\",\"position\":2,\"name\":\"Foire aux questions\"}]},{\"@type\":\"WebSite\",\"@id\":\"https:\/\/www.lymphoma.ca\/fr\/#website\",\"url\":\"https:\/\/www.lymphoma.ca\/fr\/\",\"name\":\"Lymphoma Canada\",\"description\":\"Information. Help. Hope.\",\"publisher\":{\"@id\":\"https:\/\/www.lymphoma.ca\/fr\/#organization\"},\"potentialAction\":[{\"@type\":\"SearchAction\",\"target\":{\"@type\":\"EntryPoint\",\"urlTemplate\":\"https:\/\/www.lymphoma.ca\/fr\/?s={search_term_string}\"},\"query-input\":{\"@type\":\"PropertyValueSpecification\",\"valueRequired\":true,\"valueName\":\"search_term_string\"}}],\"inLanguage\":\"fr-FR\"},{\"@type\":\"Organization\",\"@id\":\"https:\/\/www.lymphoma.ca\/fr\/#organization\",\"name\":\"Lymphoma Canada\",\"url\":\"https:\/\/www.lymphoma.ca\/fr\/\",\"logo\":{\"@type\":\"ImageObject\",\"inLanguage\":\"fr-FR\",\"@id\":\"https:\/\/www.lymphoma.ca\/fr\/#\/schema\/logo\/image\/\",\"url\":\"https:\/\/www.lymphoma.ca\/wp-content\/uploads\/2023\/05\/logo-lymphoma.jpg\",\"contentUrl\":\"https:\/\/www.lymphoma.ca\/wp-content\/uploads\/2023\/05\/logo-lymphoma.jpg\",\"width\":343,\"height\":343,\"caption\":\"Lymphoma Canada\"},\"image\":{\"@id\":\"https:\/\/www.lymphoma.ca\/fr\/#\/schema\/logo\/image\/\"},\"sameAs\":[\"https:\/\/www.facebook.com\/LymphomaCanada\",\"https:\/\/x.com\/lymphomacanada\",\"https:\/\/www.linkedin.com\/company\/lymphoma-canada\/\",\"http:\/\/instagram.com\/lymphomacanada\",\"http:\/\/www.youtube.com\/user\/LymphomaTV\"]}]}<\/script>\n<!-- \/ Yoast SEO plugin. -->","yoast_head_json":{"title":"Foire aux questions - Lymphoma Canada","robots":{"index":"index","follow":"follow","max-snippet":"max-snippet:-1","max-image-preview":"max-image-preview:large","max-video-preview":"max-video-preview:-1"},"canonical":"https:\/\/www.lymphoma.ca\/fr\/foire-aux-questions\/","og_locale":"fr_FR","og_type":"article","og_title":"Foire aux questions - Lymphoma Canada","og_description":"Je n\u2019ai jamais fait de yoga. Puis-je quand m\u00eame participer? Bien que nous ne recommandions pas tous \u00e0 vos tapis comme s\u00e9ance d\u2019introduction au yoga, vous disposez de plusieurs mois...","og_url":"https:\/\/www.lymphoma.ca\/fr\/foire-aux-questions\/","og_site_name":"Lymphoma Canada","article_publisher":"https:\/\/www.facebook.com\/LymphomaCanada","twitter_card":"summary_large_image","twitter_site":"@lymphomacanada","twitter_misc":{"Dur\u00e9e de lecture estim\u00e9e":"8 minutes"},"schema":{"@context":"https:\/\/schema.org","@graph":[{"@type":"WebPage","@id":"https:\/\/www.lymphoma.ca\/fr\/foire-aux-questions\/","url":"https:\/\/www.lymphoma.ca\/fr\/foire-aux-questions\/","name":"Foire aux questions - Lymphoma Canada","isPartOf":{"@id":"https:\/\/www.lymphoma.ca\/fr\/#website"},"datePublished":"2016-05-12T19:26:19+00:00","breadcrumb":{"@id":"https:\/\/www.lymphoma.ca\/fr\/foire-aux-questions\/#breadcrumb"},"inLanguage":"fr-FR","potentialAction":[{"@type":"ReadAction","target":["https:\/\/www.lymphoma.ca\/fr\/foire-aux-questions\/"]}]},{"@type":"BreadcrumbList","@id":"https:\/\/www.lymphoma.ca\/fr\/foire-aux-questions\/#breadcrumb","itemListElement":[{"@type":"ListItem","position":1,"name":"Home","item":"https:\/\/www.lymphoma.ca\/fr\/"},{"@type":"ListItem","position":2,"name":"Foire aux questions"}]},{"@type":"WebSite","@id":"https:\/\/www.lymphoma.ca\/fr\/#website","url":"https:\/\/www.lymphoma.ca\/fr\/","name":"Lymphoma Canada","description":"Information. Help. Hope.","publisher":{"@id":"https:\/\/www.lymphoma.ca\/fr\/#organization"},"potentialAction":[{"@type":"SearchAction","target":{"@type":"EntryPoint","urlTemplate":"https:\/\/www.lymphoma.ca\/fr\/?s={search_term_string}"},"query-input":{"@type":"PropertyValueSpecification","valueRequired":true,"valueName":"search_term_string"}}],"inLanguage":"fr-FR"},{"@type":"Organization","@id":"https:\/\/www.lymphoma.ca\/fr\/#organization","name":"Lymphoma Canada","url":"https:\/\/www.lymphoma.ca\/fr\/","logo":{"@type":"ImageObject","inLanguage":"fr-FR","@id":"https:\/\/www.lymphoma.ca\/fr\/#\/schema\/logo\/image\/","url":"https:\/\/www.lymphoma.ca\/wp-content\/uploads\/2023\/05\/logo-lymphoma.jpg","contentUrl":"https:\/\/www.lymphoma.ca\/wp-content\/uploads\/2023\/05\/logo-lymphoma.jpg","width":343,"height":343,"caption":"Lymphoma Canada"},"image":{"@id":"https:\/\/www.lymphoma.ca\/fr\/#\/schema\/logo\/image\/"},"sameAs":["https:\/\/www.facebook.com\/LymphomaCanada","https:\/\/x.com\/lymphomacanada","https:\/\/www.linkedin.com\/company\/lymphoma-canada\/","http:\/\/instagram.com\/lymphomacanada","http:\/\/www.youtube.com\/user\/LymphomaTV"]}]}},"_links":{"self":[{"href":"https:\/\/www.lymphoma.ca\/fr\/wp-json\/wp\/v2\/pages\/650","targetHints":{"allow":["GET"]}}],"collection":[{"href":"https:\/\/www.lymphoma.ca\/fr\/wp-json\/wp\/v2\/pages"}],"about":[{"href":"https:\/\/www.lymphoma.ca\/fr\/wp-json\/wp\/v2\/types\/page"}],"author":[{"embeddable":true,"href":"https:\/\/www.lymphoma.ca\/fr\/wp-json\/wp\/v2\/users\/6"}],"replies":[{"embeddable":true,"href":"https:\/\/www.lymphoma.ca\/fr\/wp-json\/wp\/v2\/comments?post=650"}],"version-history":[{"count":0,"href":"https:\/\/www.lymphoma.ca\/fr\/wp-json\/wp\/v2\/pages\/650\/revisions"}],"wp:attachment":[{"href":"https:\/\/www.lymphoma.ca\/fr\/wp-json\/wp\/v2\/media?parent=650"}],"wp:term":[{"taxonomy":"category","embeddable":true,"href":"https:\/\/www.lymphoma.ca\/fr\/wp-json\/wp\/v2\/categories?post=650"},{"taxonomy":"post_tag","embeddable":true,"href":"https:\/\/www.lymphoma.ca\/fr\/wp-json\/wp\/v2\/tags?post=650"}],"curies":[{"name":"wp","href":"https:\/\/api.w.org\/{rel}","templated":true}]}}